{"id":3045,"date":"2023-06-17T16:27:20","date_gmt":"2023-06-17T14:27:20","guid":{"rendered":"https:\/\/attivanza.org\/our-eu\/"},"modified":"2026-06-24T20:03:27","modified_gmt":"2026-06-24T18:03:27","slug":"our-eu","status":"publish","type":"page","link":"https:\/\/attivanza.org\/en\/our-eu\/","title":{"rendered":"OUR EU"},"content":{"rendered":"\t\t<div data-elementor-type=\"wp-page\" data-elementor-id=\"3045\" class=\"elementor elementor-3045 elementor-340\" data-elementor-post-type=\"page\">\n\t\t\t\t\t\t<section class=\"elementor-section elementor-top-section elementor-element elementor-element-11c3b21 elementor-section-full_width elementor-section-height-min-height elementor-section-items-bottom elementor-section-height-default\" data-id=\"11c3b21\" data-element_type=\"section\" data-e-type=\"section\" data-settings=\"{&quot;background_background&quot;:&quot;classic&quot;}\">\n\t\t\t\t\t\t<div class=\"elementor-container elementor-column-gap-default\">\n\t\t\t\t\t<div class=\"elementor-column elementor-col-100 elementor-top-column elementor-element elementor-element-e202da5\" data-id=\"e202da5\" data-element_type=\"column\" data-e-type=\"column\">\n\t\t\t<div class=\"elementor-widget-wrap elementor-element-populated\">\n\t\t\t\t\t\t<div class=\"elementor-element elementor-element-379f29e elementor-widget elementor-widget-heading\" data-id=\"379f29e\" data-element_type=\"widget\" data-e-type=\"widget\" data-widget_type=\"heading.default\">\n\t\t\t\t<div class=\"elementor-widget-container\">\n\t\t\t\t\t<h1 class=\"elementor-heading-title elementor-size-default\">Our EU<\/h1>\t\t\t\t<\/div>\n\t\t\t\t<\/div>\n\t\t\t\t<div class=\"elementor-element elementor-element-283ed69 elementor-hidden-desktop elementor-hidden-tablet elementor-hidden-mobile elementor-widget elementor-widget-text-editor\" data-id=\"283ed69\" data-element_type=\"widget\" data-e-type=\"widget\" data-widget_type=\"text-editor.default\">\n\t\t\t\t<div class=\"elementor-widget-container\">\n\t\t\t\t\t\t\t\t\t<p>Secondo la nostra visione di convivenza globale ispirata alla cooperazione multilaterale tra i popoli e la co-responsabilit\u00e0 di ciascuno per il destino di tutti, al di l\u00e0 della logica degli Stati &#8211; potenze che possono decidere le sorti del mondo, il <strong>progetto politico di Unione europea<\/strong> dovrebbe rafforzarsi e portare ad intenti comuni \u2013 <b> ad esempio riprendendo i dialoghi per una Costituzione europea<\/b> &#8211; a garanzia della pace mondiale, della democrazia, della sostenibilit\u00e0. <\/p>\t\t\t\t\t\t\t\t<\/div>\n\t\t\t\t<\/div>\n\t\t\t\t\t<\/div>\n\t\t<\/div>\n\t\t\t\t\t<\/div>\n\t\t<\/section>\n\t\t\t\t<section class=\"elementor-section elementor-top-section elementor-element elementor-element-c16b627 elementor-section-boxed elementor-section-height-default elementor-section-height-default\" data-id=\"c16b627\" data-element_type=\"section\" data-e-type=\"section\">\n\t\t\t\t\t\t<div class=\"elementor-container elementor-column-gap-default\">\n\t\t\t\t\t<div class=\"elementor-column elementor-col-100 elementor-top-column elementor-element elementor-element-c90d212\" data-id=\"c90d212\" data-element_type=\"column\" data-e-type=\"column\">\n\t\t\t<div class=\"elementor-widget-wrap elementor-element-populated\">\n\t\t\t\t\t\t<div class=\"elementor-element elementor-element-85e260f elementor-widget elementor-widget-heading\" data-id=\"85e260f\" data-element_type=\"widget\" data-e-type=\"widget\" data-widget_type=\"heading.default\">\n\t\t\t\t<div class=\"elementor-widget-container\">\n\t\t\t\t\t<h2 class=\"elementor-heading-title elementor-size-default\">A development model that is no longer sustainable<\/h2>\t\t\t\t<\/div>\n\t\t\t\t<\/div>\n\t\t\t\t<div class=\"elementor-element elementor-element-c5c6820 elementor-widget elementor-widget-text-editor\" data-id=\"c5c6820\" data-element_type=\"widget\" data-e-type=\"widget\" data-widget_type=\"text-editor.default\">\n\t\t\t\t<div class=\"elementor-widget-container\">\n\t\t\t\t\t\t\t\t\t<p>The current development model \u2014 built on fierce competition and the exploitation of resources \u2014 jeopardizes our future, fueling tensions between States, the climate crisis, and social inequalities. <b>We need systemic change.<\/b><\/p>\t\t\t\t\t\t\t\t<\/div>\n\t\t\t\t<\/div>\n\t\t\t\t<div class=\"elementor-element elementor-element-6e3913e elementor-widget-divider--view-line elementor-widget elementor-widget-divider\" data-id=\"6e3913e\" data-element_type=\"widget\" data-e-type=\"widget\" data-widget_type=\"divider.default\">\n\t\t\t\t<div class=\"elementor-widget-container\">\n\t\t\t\t\t\t\t<div class=\"elementor-divider\">\n\t\t\t<span class=\"elementor-divider-separator\">\n\t\t\t\t\t\t<\/span>\n\t\t<\/div>\n\t\t\t\t\t\t<\/div>\n\t\t\t\t<\/div>\n\t\t\t\t\t<\/div>\n\t\t<\/div>\n\t\t\t\t\t<\/div>\n\t\t<\/section>\n\t\t\t\t<section class=\"elementor-section elementor-top-section elementor-element elementor-element-6968096 elementor-section-boxed elementor-section-height-default elementor-section-height-default\" data-id=\"6968096\" data-element_type=\"section\" data-e-type=\"section\">\n\t\t\t\t\t\t<div class=\"elementor-container elementor-column-gap-default\">\n\t\t\t\t\t<div class=\"elementor-column elementor-col-100 elementor-top-column elementor-element elementor-element-436d494\" data-id=\"436d494\" data-element_type=\"column\" data-e-type=\"column\" data-settings=\"{&quot;background_background&quot;:&quot;classic&quot;}\">\n\t\t\t<div class=\"elementor-widget-wrap elementor-element-populated\">\n\t\t\t\t\t\t<div class=\"elementor-element elementor-element-1918a5e elementor-widget elementor-widget-heading\" data-id=\"1918a5e\" data-element_type=\"widget\" data-e-type=\"widget\" data-widget_type=\"heading.default\">\n\t\t\t\t<div class=\"elementor-widget-container\">\n\t\t\t\t\t<h2 class=\"elementor-heading-title elementor-size-default\"> Europe between promises and contradictions\n<\/h2>\t\t\t\t<\/div>\n\t\t\t\t<\/div>\n\t\t\t\t<div class=\"elementor-element elementor-element-840b6f4 elementor-widget elementor-widget-text-editor\" data-id=\"840b6f4\" data-element_type=\"widget\" data-e-type=\"widget\" data-widget_type=\"text-editor.default\">\n\t\t\t\t<div class=\"elementor-widget-container\">\n\t\t\t\t\t\t\t\t\t<p>The European Union, founded as a project of peace and cooperation among diverse communities, has in recent years adopted regulations and strategies aligned with the UN 2030 Agenda for Sustainable Development, signaling the need to steer economic policies toward an ecological and energy transition. This transition, however, must also be equitable (a &#8220;just transition&#8221;), utilizing social protection tools for the individuals and territories involved in these transformative processes. Recently, however, there has been a weakening of Green Deal strategy policies, alongside a growing drift toward rearmament.   <b>This is not the European Union we want.<\/b><\/p>\t\t\t\t\t\t\t\t<\/div>\n\t\t\t\t<\/div>\n\t\t\t\t\t<\/div>\n\t\t<\/div>\n\t\t\t\t\t<\/div>\n\t\t<\/section>\n\t\t\t\t<section class=\"elementor-section elementor-top-section elementor-element elementor-element-bdefbab elementor-section-boxed elementor-section-height-default elementor-section-height-default\" data-id=\"bdefbab\" data-element_type=\"section\" data-e-type=\"section\" data-settings=\"{&quot;background_background&quot;:&quot;classic&quot;}\">\n\t\t\t\t\t\t<div class=\"elementor-container elementor-column-gap-extended\">\n\t\t\t\t\t<div class=\"elementor-column elementor-col-50 elementor-top-column elementor-element elementor-element-c574fb7\" data-id=\"c574fb7\" data-element_type=\"column\" data-e-type=\"column\">\n\t\t\t<div class=\"elementor-widget-wrap elementor-element-populated\">\n\t\t\t\t\t\t<div class=\"elementor-element elementor-element-b340933 elementor-widget elementor-widget-heading\" data-id=\"b340933\" data-element_type=\"widget\" data-e-type=\"widget\" data-widget_type=\"heading.default\">\n\t\t\t\t<div class=\"elementor-widget-container\">\n\t\t\t\t\t<h2 class=\"elementor-heading-title elementor-size-default\">Our vision \n<br \/>of Europe <\/h2>\t\t\t\t<\/div>\n\t\t\t\t<\/div>\n\t\t\t\t<div class=\"elementor-element elementor-element-80c678e elementor-widget elementor-widget-text-editor\" data-id=\"80c678e\" data-element_type=\"widget\" data-e-type=\"widget\" data-widget_type=\"text-editor.default\">\n\t\t\t\t<div class=\"elementor-widget-container\">\n\t\t\t\t\t\t\t\t\t<p>That is why we have developed <b>&#8220;Our Idea of the European Union&#8221;,<\/b> a policy document launched during the 2024 European elections, which defines our priorities:<\/p>\t\t\t\t\t\t\t\t<\/div>\n\t\t\t\t<\/div>\n\t\t\t\t<section class=\"elementor-section elementor-inner-section elementor-element elementor-element-97f219e elementor-section-boxed elementor-section-height-default elementor-section-height-default\" data-id=\"97f219e\" data-element_type=\"section\" data-e-type=\"section\" data-settings=\"{&quot;animation_mobile&quot;:&quot;fadeInLeft&quot;}\">\n\t\t\t\t\t\t<div class=\"elementor-container elementor-column-gap-default\">\n\t\t\t\t\t<div class=\"elementor-column elementor-col-100 elementor-inner-column elementor-element elementor-element-e83b7c7\" data-id=\"e83b7c7\" data-element_type=\"column\" data-e-type=\"column\" data-settings=\"{&quot;background_background&quot;:&quot;classic&quot;}\">\n\t\t\t<div class=\"elementor-widget-wrap elementor-element-populated\">\n\t\t\t\t\t\t<div class=\"elementor-element elementor-element-b00a619 elementor-widget elementor-widget-text-editor\" data-id=\"b00a619\" data-element_type=\"widget\" data-e-type=\"widget\" data-widget_type=\"text-editor.default\">\n\t\t\t\t<div class=\"elementor-widget-container\">\n\t\t\t\t\t\t\t\t\t<p>Strengthening diplomatic and mediation efforts in conflicts<\/p>\t\t\t\t\t\t\t\t<\/div>\n\t\t\t\t<\/div>\n\t\t\t\t\t<\/div>\n\t\t<\/div>\n\t\t\t\t\t<\/div>\n\t\t<\/section>\n\t\t\t\t<section class=\"elementor-section elementor-inner-section elementor-element elementor-element-7437cd9 elementor-section-boxed elementor-section-height-default elementor-section-height-default\" data-id=\"7437cd9\" data-element_type=\"section\" data-e-type=\"section\" data-settings=\"{&quot;animation_mobile&quot;:&quot;fadeInLeft&quot;}\">\n\t\t\t\t\t\t<div class=\"elementor-container elementor-column-gap-default\">\n\t\t\t\t\t<div class=\"elementor-column elementor-col-100 elementor-inner-column elementor-element elementor-element-82d40af\" data-id=\"82d40af\" data-element_type=\"column\" data-e-type=\"column\" data-settings=\"{&quot;background_background&quot;:&quot;classic&quot;}\">\n\t\t\t<div class=\"elementor-widget-wrap elementor-element-populated\">\n\t\t\t\t\t\t<div class=\"elementor-element elementor-element-8848073 elementor-widget elementor-widget-text-editor\" data-id=\"8848073\" data-element_type=\"widget\" data-e-type=\"widget\" data-widget_type=\"text-editor.default\">\n\t\t\t\t<div class=\"elementor-widget-container\">\n\t\t\t\t\t\t\t\t\t<p>Regulating the common market for a just ecological transition<\/p>\t\t\t\t\t\t\t\t<\/div>\n\t\t\t\t<\/div>\n\t\t\t\t\t<\/div>\n\t\t<\/div>\n\t\t\t\t\t<\/div>\n\t\t<\/section>\n\t\t\t\t<section class=\"elementor-section elementor-inner-section elementor-element elementor-element-3081073 elementor-section-boxed elementor-section-height-default elementor-section-height-default\" data-id=\"3081073\" data-element_type=\"section\" data-e-type=\"section\" data-settings=\"{&quot;background_background&quot;:&quot;classic&quot;,&quot;animation_mobile&quot;:&quot;fadeInLeft&quot;}\">\n\t\t\t\t\t\t<div class=\"elementor-container elementor-column-gap-default\">\n\t\t\t\t\t<div class=\"elementor-column elementor-col-100 elementor-inner-column elementor-element elementor-element-4155391\" data-id=\"4155391\" data-element_type=\"column\" data-e-type=\"column\" data-settings=\"{&quot;background_background&quot;:&quot;classic&quot;}\">\n\t\t\t<div class=\"elementor-widget-wrap elementor-element-populated\">\n\t\t\t\t\t\t<div class=\"elementor-element elementor-element-b7b197a elementor-widget elementor-widget-text-editor\" data-id=\"b7b197a\" data-element_type=\"widget\" data-e-type=\"widget\" data-widget_type=\"text-editor.default\">\n\t\t\t\t<div class=\"elementor-widget-container\">\n\t\t\t\t\t\t\t\t\t<p>Combating inequalities and job insecurity<\/p>\t\t\t\t\t\t\t\t<\/div>\n\t\t\t\t<\/div>\n\t\t\t\t\t<\/div>\n\t\t<\/div>\n\t\t\t\t\t<\/div>\n\t\t<\/section>\n\t\t\t\t<section class=\"elementor-section elementor-inner-section elementor-element elementor-element-8be74f3 elementor-section-boxed elementor-section-height-default elementor-section-height-default\" data-id=\"8be74f3\" data-element_type=\"section\" data-e-type=\"section\" data-settings=\"{&quot;animation_mobile&quot;:&quot;fadeInLeft&quot;}\">\n\t\t\t\t\t\t<div class=\"elementor-container elementor-column-gap-default\">\n\t\t\t\t\t<div class=\"elementor-column elementor-col-100 elementor-inner-column elementor-element elementor-element-77cfff2\" data-id=\"77cfff2\" data-element_type=\"column\" data-e-type=\"column\" data-settings=\"{&quot;background_background&quot;:&quot;classic&quot;}\">\n\t\t\t<div class=\"elementor-widget-wrap elementor-element-populated\">\n\t\t\t\t\t\t<div class=\"elementor-element elementor-element-abfc218 elementor-widget elementor-widget-text-editor\" data-id=\"abfc218\" data-element_type=\"widget\" data-e-type=\"widget\" data-widget_type=\"text-editor.default\">\n\t\t\t\t<div class=\"elementor-widget-container\">\n\t\t\t\t\t\t\t\t\t<p>Promoting multilateral cooperation and global common goods<\/p>\t\t\t\t\t\t\t\t<\/div>\n\t\t\t\t<\/div>\n\t\t\t\t\t<\/div>\n\t\t<\/div>\n\t\t\t\t\t<\/div>\n\t\t<\/section>\n\t\t\t\t\t<\/div>\n\t\t<\/div>\n\t\t\t\t<div class=\"elementor-column elementor-col-50 elementor-top-column elementor-element elementor-element-cf4c9a8\" data-id=\"cf4c9a8\" data-element_type=\"column\" data-e-type=\"column\" data-settings=\"{&quot;background_background&quot;:&quot;classic&quot;}\">\n\t\t\t<div class=\"elementor-widget-wrap elementor-element-populated\">\n\t\t\t\t\t\t<div class=\"elementor-element elementor-element-b251185 elementor-widget elementor-widget-heading\" data-id=\"b251185\" data-element_type=\"widget\" data-e-type=\"widget\" data-widget_type=\"heading.default\">\n\t\t\t\t<div class=\"elementor-widget-container\">\n\t\t\t\t\t<h2 class=\"elementor-heading-title elementor-size-default\">Doing politics<br \/>\"as if we were in the institutions\"<\/h2>\t\t\t\t<\/div>\n\t\t\t\t<\/div>\n\t\t\t\t<section class=\"elementor-section elementor-inner-section elementor-element elementor-element-dbe4410 elementor-section-boxed elementor-section-height-default elementor-section-height-default\" data-id=\"dbe4410\" data-element_type=\"section\" data-e-type=\"section\">\n\t\t\t\t\t\t<div class=\"elementor-container elementor-column-gap-default\">\n\t\t\t\t\t<div class=\"elementor-column elementor-col-50 elementor-inner-column elementor-element elementor-element-c608470\" data-id=\"c608470\" data-element_type=\"column\" data-e-type=\"column\">\n\t\t\t<div class=\"elementor-widget-wrap elementor-element-populated\">\n\t\t\t\t\t\t<div class=\"elementor-element elementor-element-ba7bee4 elementor-widget__width-inherit elementor-widget elementor-widget-image\" data-id=\"ba7bee4\" data-element_type=\"widget\" data-e-type=\"widget\" data-widget_type=\"image.default\">\n\t\t\t\t<div class=\"elementor-widget-container\">\n\t\t\t\t\t\t\t\t\t\t\t\t\t\t\t<img fetchpriority=\"high\" decoding=\"async\" width=\"1001\" height=\"640\" src=\"https:\/\/attivanza.org\/wp-content\/uploads\/2026\/05\/attivanza-europa.webp\" class=\"attachment-full size-full wp-image-2783\" alt=\"\" srcset=\"https:\/\/attivanza.org\/wp-content\/uploads\/2026\/05\/attivanza-europa.webp 1001w, https:\/\/attivanza.org\/wp-content\/uploads\/2026\/05\/attivanza-europa-300x192.webp 300w, https:\/\/attivanza.org\/wp-content\/uploads\/2026\/05\/attivanza-europa-768x491.webp 768w\" sizes=\"(max-width: 1001px) 100vw, 1001px\" \/>\t\t\t\t\t\t\t\t\t\t\t\t\t\t\t<\/div>\n\t\t\t\t<\/div>\n\t\t\t\t\t<\/div>\n\t\t<\/div>\n\t\t\t\t<div class=\"elementor-column elementor-col-50 elementor-inner-column elementor-element elementor-element-676202d\" data-id=\"676202d\" data-element_type=\"column\" data-e-type=\"column\">\n\t\t\t<div class=\"elementor-widget-wrap\">\n\t\t\t\t\t\t\t<\/div>\n\t\t<\/div>\n\t\t\t\t\t<\/div>\n\t\t<\/section>\n\t\t\t\t<div class=\"elementor-element elementor-element-cb9791e elementor-widget elementor-widget-text-editor\" data-id=\"cb9791e\" data-element_type=\"widget\" data-e-type=\"widget\" data-widget_type=\"text-editor.default\">\n\t\t\t\t<div class=\"elementor-widget-container\">\n\t\t\t\t\t\t\t\t\t<p>This document is the starting point for engagement with civil society. For us, <b>doing politics means taking responsibility as informed citizens who are capable of questioning and transforming institutions. <\/b> <\/p><p>We must challenge the neoliberal framework of the EU and recognize the limits of a welfare system that redistributes wealth without changing the very mechanisms that generate inequality.<\/p>\t\t\t\t\t\t\t\t<\/div>\n\t\t\t\t<\/div>\n\t\t\t\t\t<\/div>\n\t\t<\/div>\n\t\t\t\t\t<\/div>\n\t\t<\/section>\n\t\t\t\t<section class=\"elementor-section elementor-top-section elementor-element elementor-element-0cd493a elementor-section-boxed elementor-section-height-default elementor-section-height-default\" data-id=\"0cd493a\" data-element_type=\"section\" data-e-type=\"section\" data-settings=\"{&quot;background_background&quot;:&quot;classic&quot;}\">\n\t\t\t\t\t\t<div class=\"elementor-container elementor-column-gap-default\">\n\t\t\t\t\t<div class=\"elementor-column elementor-col-33 elementor-top-column elementor-element elementor-element-55f86bc\" data-id=\"55f86bc\" data-element_type=\"column\" data-e-type=\"column\" data-settings=\"{&quot;background_background&quot;:&quot;classic&quot;}\">\n\t\t\t<div class=\"elementor-widget-wrap elementor-element-populated\">\n\t\t\t\t\t\t<div class=\"elementor-element elementor-element-ce100d0 elementor-widget elementor-widget-heading\" data-id=\"ce100d0\" data-element_type=\"widget\" data-e-type=\"widget\" data-widget_type=\"heading.default\">\n\t\t\t\t<div class=\"elementor-widget-container\">\n\t\t\t\t\t<h2 class=\"elementor-heading-title elementor-size-default\">Rethinking the economy beyond GDP \n<\/h2>\t\t\t\t<\/div>\n\t\t\t\t<\/div>\n\t\t\t\t<div class=\"elementor-element elementor-element-dcde5ee elementor-widget elementor-widget-image\" data-id=\"dcde5ee\" data-element_type=\"widget\" data-e-type=\"widget\" data-widget_type=\"image.default\">\n\t\t\t\t<div class=\"elementor-widget-container\">\n\t\t\t\t\t\t\t\t\t\t\t\t\t\t\t<img decoding=\"async\" width=\"414\" height=\"450\" src=\"https:\/\/attivanza.org\/wp-content\/uploads\/2026\/05\/economiav2.png\" class=\"attachment-full size-full wp-image-2925\" alt=\"\" srcset=\"https:\/\/attivanza.org\/wp-content\/uploads\/2026\/05\/economiav2.png 414w, https:\/\/attivanza.org\/wp-content\/uploads\/2026\/05\/economiav2-276x300.png 276w\" sizes=\"(max-width: 414px) 100vw, 414px\" \/>\t\t\t\t\t\t\t\t\t\t\t\t\t\t\t<\/div>\n\t\t\t\t<\/div>\n\t\t\t\t\t<\/div>\n\t\t<\/div>\n\t\t\t\t<div class=\"elementor-column elementor-col-66 elementor-top-column elementor-element elementor-element-eaa0cfb\" data-id=\"eaa0cfb\" data-element_type=\"column\" data-e-type=\"column\">\n\t\t\t<div class=\"elementor-widget-wrap elementor-element-populated\">\n\t\t\t\t\t\t<div class=\"elementor-element elementor-element-6bbb62b elementor-widget elementor-widget-text-editor\" data-id=\"6bbb62b\" data-element_type=\"widget\" data-e-type=\"widget\" data-widget_type=\"text-editor.default\">\n\t\t\t\t<div class=\"elementor-widget-container\">\n\t\t\t\t\t\t\t\t\t<p>The <b>economy<\/b> is one of our top priorities, and it doesn&#8217;t just concern experts: it influences everyone&#8217;s daily life. For this reason, it must be at the center of democracy, so that citizens can participate in the choices that truly matter. <\/p><p>Today, progress is primarily measured by GDP\u2014the value of what a country produces. But this indicator doesn&#8217;t tell the whole story: it does not measure well-being, inequalities, or environmental impact. <\/p><p>On a planet with limited resources, we cannot continue to aim for infinite growth. We need to shift our perspective, prioritizing quality of life, as well as environmental and social sustainability. <\/p><p>Through multidisciplinary deep-dives, we have examined the direction of human development and the policies needed to build a credible alternative to the current economic system. Critical theories are numerous and often convincing, but they risk remaining abstract or falling into contradiction. <\/p><p>Because of this, we chose a <b>pragmatic approach<\/b>: analyzing existing European strategies to redefine what we mean by <b>public value<\/b>. We asked ourselves some fundamental questions: what is truly socially productive? What should we produce, how much, and in what way? How do we distribute wealth while respecting ecological limits and social justice?   <\/p>\t\t\t\t\t\t\t\t<\/div>\n\t\t\t\t<\/div>\n\t\t\t\t\t<\/div>\n\t\t<\/div>\n\t\t\t\t\t<\/div>\n\t\t<\/section>\n\t\t\t\t<section class=\"elementor-section elementor-top-section elementor-element elementor-element-9eee681 elementor-section-content-middle elementor-section-boxed elementor-section-height-default elementor-section-height-default\" data-id=\"9eee681\" data-element_type=\"section\" data-e-type=\"section\" data-settings=\"{&quot;background_background&quot;:&quot;classic&quot;}\">\n\t\t\t\t\t\t<div class=\"elementor-container elementor-column-gap-default\">\n\t\t\t\t\t<div class=\"elementor-column elementor-col-100 elementor-top-column elementor-element elementor-element-a7ef653\" data-id=\"a7ef653\" data-element_type=\"column\" data-e-type=\"column\">\n\t\t\t<div class=\"elementor-widget-wrap elementor-element-populated\">\n\t\t\t\t\t<div class=\"elementor-background-overlay\"><\/div>\n\t\t\t\t\t\t<section class=\"elementor-section elementor-inner-section elementor-element elementor-element-86524ab elementor-section-boxed elementor-section-height-default elementor-section-height-default\" data-id=\"86524ab\" data-element_type=\"section\" data-e-type=\"section\">\n\t\t\t\t\t\t<div class=\"elementor-container elementor-column-gap-default\">\n\t\t\t\t\t<div class=\"elementor-column elementor-col-50 elementor-inner-column elementor-element elementor-element-a540335\" data-id=\"a540335\" data-element_type=\"column\" data-e-type=\"column\">\n\t\t\t<div class=\"elementor-widget-wrap elementor-element-populated\">\n\t\t\t\t\t\t<div class=\"elementor-element elementor-element-142577d elementor-widget elementor-widget-text-editor\" data-id=\"142577d\" data-element_type=\"widget\" data-e-type=\"widget\" data-widget_type=\"text-editor.default\">\n\t\t\t\t<div class=\"elementor-widget-container\">\n\t\t\t\t\t\t\t\t\t<p>The path we have taken has led us to draft a <em>paper<\/em> that does not claim to offer definitive solutions.<\/p><p>Instead, it aims to open a space for serious and competent dialogue on European sustainable development strategies \u2014 a founding principle of the EU Treaties and a priority objective of its policies \u2014 capable of uniting local territories and institutions, theory and practice, economics and ecology.<\/p>\t\t\t\t\t\t\t\t<\/div>\n\t\t\t\t<\/div>\n\t\t\t\t\t<\/div>\n\t\t<\/div>\n\t\t\t\t<div class=\"elementor-column elementor-col-50 elementor-inner-column elementor-element elementor-element-33c5b67\" data-id=\"33c5b67\" data-element_type=\"column\" data-e-type=\"column\">\n\t\t\t<div class=\"elementor-widget-wrap elementor-element-populated\">\n\t\t\t\t\t\t<div class=\"elementor-element elementor-element-3ae90dd elementor-widget elementor-widget-text-editor\" data-id=\"3ae90dd\" data-element_type=\"widget\" data-e-type=\"widget\" data-widget_type=\"text-editor.default\">\n\t\t\t\t<div class=\"elementor-widget-container\">\n\t\t\t\t\t\t\t\t\t<p>The ecological transition toward more sustainable and equitable systems is neither a slogan nor a matter solely for &#8220;insiders.&#8221; It is a profound transformation that affects the organization of labor, production models, social justice, and the quality of democracy. <\/p><p>Consequently, it must also be addressed <strong>within local communities<\/strong>, providing opportunities for debate and political inclusion to broad segments of the citizenry.<\/p>\t\t\t\t\t\t\t\t<\/div>\n\t\t\t\t<\/div>\n\t\t\t\t\t<\/div>\n\t\t<\/div>\n\t\t\t\t\t<\/div>\n\t\t<\/section>\n\t\t\t\t\t<\/div>\n\t\t<\/div>\n\t\t\t\t\t<\/div>\n\t\t<\/section>\n\t\t\t\t<section class=\"elementor-section elementor-top-section elementor-element elementor-element-22dbf1d elementor-section-boxed elementor-section-height-default elementor-section-height-default\" data-id=\"22dbf1d\" data-element_type=\"section\" data-e-type=\"section\" data-settings=\"{&quot;background_background&quot;:&quot;classic&quot;}\">\n\t\t\t\t\t\t<div class=\"elementor-container elementor-column-gap-default\">\n\t\t\t\t\t<div class=\"elementor-column elementor-col-33 elementor-top-column elementor-element elementor-element-beee557\" data-id=\"beee557\" data-element_type=\"column\" data-e-type=\"column\">\n\t\t\t<div class=\"elementor-widget-wrap elementor-element-populated\">\n\t\t\t\t\t\t<div class=\"elementor-element elementor-element-abed7f7 elementor-cta--skin-classic elementor-animated-content elementor-widget elementor-widget-call-to-action\" data-id=\"abed7f7\" data-element_type=\"widget\" data-e-type=\"widget\" data-widget_type=\"call-to-action.default\">\n\t\t\t\t<div class=\"elementor-widget-container\">\n\t\t\t\t\t\t\t<a class=\"elementor-cta\" href=\"https:\/\/attivanza.org\/wp-content\/uploads\/2025\/05\/ATTIVANZA-Priorita-tematiche-e-politiche-2025.pdf\">\n\t\t\t\t\t\t\t<div class=\"elementor-cta__content\">\n\t\t\t\t\t\t\t\t\t<div class=\"elementor-content-item elementor-cta__content-item elementor-icon-wrapper elementor-cta__icon elementor-view-default\">\n\t\t\t\t\t\t<div class=\"elementor-icon\">\n\t\t\t\t\t\t\t<i aria-hidden=\"true\" class=\"far fa-file-pdf\"><\/i>\t\t\t\t\t\t<\/div>\n\t\t\t\t\t<\/div>\n\t\t\t\t\n\t\t\t\t\n\t\t\t\t\t\t\t\t\t<div class=\"elementor-cta__description elementor-cta__content-item elementor-content-item\">\n\t\t\t\t\t\tThe thematic and political priorities of ATTIVANZA\t\t\t\t\t<\/div>\n\t\t\t\t\n\t\t\t\t\t\t\t\t\t<div class=\"elementor-cta__button-wrapper elementor-cta__content-item elementor-content-item \">\n\t\t\t\t\t<span class=\"elementor-cta__button elementor-button elementor-size-\">\n\t\t\t\t\t\tDownload now \u2193\t\t\t\t\t<\/span>\n\t\t\t\t\t<\/div>\n\t\t\t\t\t\t\t<\/div>\n\t\t\t\t\t\t\t<div class=\"elementor-ribbon elementor-ribbon-right\">\n\t\t\t\t<div class=\"elementor-ribbon-inner\">\n\t\t\t\t\tNEW\t\t\t\t<\/div>\n\t\t\t<\/div>\n\t\t\t\t<\/a>\n\t\t\t\t\t\t<\/div>\n\t\t\t\t<\/div>\n\t\t\t\t\t<\/div>\n\t\t<\/div>\n\t\t\t\t<div class=\"elementor-column elementor-col-33 elementor-top-column elementor-element elementor-element-8ec6a9a\" data-id=\"8ec6a9a\" data-element_type=\"column\" data-e-type=\"column\">\n\t\t\t<div class=\"elementor-widget-wrap elementor-element-populated\">\n\t\t\t\t\t\t<div class=\"elementor-element elementor-element-493f52a elementor-cta--skin-classic elementor-animated-content elementor-widget elementor-widget-call-to-action\" data-id=\"493f52a\" data-element_type=\"widget\" data-e-type=\"widget\" data-widget_type=\"call-to-action.default\">\n\t\t\t\t<div class=\"elementor-widget-container\">\n\t\t\t\t\t\t\t<div class=\"elementor-cta\">\n\t\t\t\t\t\t\t<div class=\"elementor-cta__content\">\n\t\t\t\t\t\t\t\t\t<div class=\"elementor-content-item elementor-cta__content-item elementor-icon-wrapper elementor-cta__icon elementor-view-default\">\n\t\t\t\t\t\t<div class=\"elementor-icon\">\n\t\t\t\t\t\t\t<i aria-hidden=\"true\" class=\"far fa-file-pdf\"><\/i>\t\t\t\t\t\t<\/div>\n\t\t\t\t\t<\/div>\n\t\t\t\t\n\t\t\t\t\n\t\t\t\t\t\t\t\t\t<div class=\"elementor-cta__description elementor-cta__content-item elementor-content-item\">\n\t\t\t\t\t\tOur idea of the European Union\t\t\t\t\t<\/div>\n\t\t\t\t\n\t\t\t\t\t\t\t\t\t<div class=\"elementor-cta__button-wrapper elementor-cta__content-item elementor-content-item \">\n\t\t\t\t\t<a class=\"elementor-cta__button elementor-button elementor-size-\" href=\"https:\/\/attivanza.org\/wp-content\/uploads\/2025\/10\/ATTIVANZA-2.-La-nostra-idea-di-Unione-Europea.pdf\">\n\t\t\t\t\t\tDownload now \u2193\t\t\t\t\t<\/a>\n\t\t\t\t\t<\/div>\n\t\t\t\t\t\t\t<\/div>\n\t\t\t\t\t\t\t<div class=\"elementor-ribbon elementor-ribbon-right\">\n\t\t\t\t<div class=\"elementor-ribbon-inner\">\n\t\t\t\t\tNEW\t\t\t\t<\/div>\n\t\t\t<\/div>\n\t\t\t\t<\/div>\n\t\t\t\t\t\t<\/div>\n\t\t\t\t<\/div>\n\t\t\t\t\t<\/div>\n\t\t<\/div>\n\t\t\t\t<div class=\"elementor-column elementor-col-33 elementor-top-column elementor-element elementor-element-1f2f264\" data-id=\"1f2f264\" data-element_type=\"column\" data-e-type=\"column\">\n\t\t\t<div class=\"elementor-widget-wrap elementor-element-populated\">\n\t\t\t\t\t\t<div class=\"elementor-element elementor-element-4af1dd5 elementor-cta--skin-classic elementor-animated-content elementor-widget elementor-widget-call-to-action\" data-id=\"4af1dd5\" data-element_type=\"widget\" data-e-type=\"widget\" data-widget_type=\"call-to-action.default\">\n\t\t\t\t<div class=\"elementor-widget-container\">\n\t\t\t\t\t\t\t<div class=\"elementor-cta\">\n\t\t\t\t\t\t\t<div class=\"elementor-cta__content\">\n\t\t\t\t\t\t\t\t\t<div class=\"elementor-content-item elementor-cta__content-item elementor-icon-wrapper elementor-cta__icon elementor-view-default\">\n\t\t\t\t\t\t<div class=\"elementor-icon\">\n\t\t\t\t\t\t\t<i aria-hidden=\"true\" class=\"far fa-file-pdf\"><\/i>\t\t\t\t\t\t<\/div>\n\t\t\t\t\t<\/div>\n\t\t\t\t\n\t\t\t\t\n\t\t\t\t\t\t\t\t\t<div class=\"elementor-cta__description elementor-cta__content-item elementor-content-item\">\n\t\t\t\t\t\tEU Economy and Sustainable Development\t\t\t\t\t<\/div>\n\t\t\t\t\n\t\t\t\t\t\t\t\t\t<div class=\"elementor-cta__button-wrapper elementor-cta__content-item elementor-content-item \">\n\t\t\t\t\t<a class=\"elementor-cta__button elementor-button elementor-size-\" href=\"https:\/\/attivanza.org\/wp-content\/uploads\/2026\/06\/ATTIVANZA-Sintesi-Paper-Economia-UE-e-Sviluppo-sostenibile_giugno-2026.pdf\">\n\t\t\t\t\t\tDownload now \u2193\t\t\t\t\t<\/a>\n\t\t\t\t\t<\/div>\n\t\t\t\t\t\t\t<\/div>\n\t\t\t\t\t\t\t<div class=\"elementor-ribbon elementor-ribbon-right\">\n\t\t\t\t<div class=\"elementor-ribbon-inner\">\n\t\t\t\t\tUPON REQUEST\t\t\t\t<\/div>\n\t\t\t<\/div>\n\t\t\t\t<\/div>\n\t\t\t\t\t\t<\/div>\n\t\t\t\t<\/div>\n\t\t\t\t\t<\/div>\n\t\t<\/div>\n\t\t\t\t\t<\/div>\n\t\t<\/section>\n\t\t\t\t<section class=\"elementor-section elementor-top-section elementor-element elementor-element-a37a7dc elementor-section-full_width elementor-hidden-desktop elementor-hidden-tablet elementor-hidden-mobile elementor-section-height-default elementor-section-height-default\" data-id=\"a37a7dc\" data-element_type=\"section\" data-e-type=\"section\" data-settings=\"{&quot;background_background&quot;:&quot;classic&quot;}\">\n\t\t\t\t\t\t<div class=\"elementor-container elementor-column-gap-no\">\n\t\t\t\t\t<div class=\"elementor-column elementor-col-100 elementor-top-column elementor-element elementor-element-28d94aa\" data-id=\"28d94aa\" data-element_type=\"column\" data-e-type=\"column\">\n\t\t\t<div class=\"elementor-widget-wrap elementor-element-populated\">\n\t\t\t\t\t\t<div class=\"elementor-element elementor-element-42d64f7 elementor-widget elementor-widget-template\" data-id=\"42d64f7\" data-element_type=\"widget\" data-e-type=\"widget\" data-widget_type=\"template.default\">\n\t\t\t\t<div class=\"elementor-widget-container\">\n\t\t\t\t\t\t\t<div class=\"elementor-template\">\n\t\t\t\t\t<div data-elementor-type=\"archive\" data-elementor-id=\"1966\" class=\"elementor elementor-1966\" data-elementor-post-type=\"elementor_library\">\n\t\t\t\t\t<section class=\"elementor-section elementor-top-section elementor-element elementor-element-52aa9df1 elementor-section-full_width elementor-section-height-default elementor-section-height-default\" data-id=\"52aa9df1\" data-element_type=\"section\" data-e-type=\"section\" data-settings=\"{&quot;background_background&quot;:&quot;classic&quot;}\">\n\t\t\t\t\t\t<div class=\"elementor-container elementor-column-gap-no\">\n\t\t\t\t\t<div class=\"elementor-column elementor-col-100 elementor-top-column elementor-element elementor-element-2eb43fe4\" data-id=\"2eb43fe4\" data-element_type=\"column\" data-e-type=\"column\" data-settings=\"{&quot;background_background&quot;:&quot;classic&quot;}\">\n\t\t\t<div class=\"elementor-widget-wrap elementor-element-populated\">\n\t\t\t\t\t\t<div class=\"elementor-element elementor-element-6e4e792b elementor-widget elementor-widget-heading\" data-id=\"6e4e792b\" data-element_type=\"widget\" data-e-type=\"widget\" data-widget_type=\"heading.default\">\n\t\t\t\t<div class=\"elementor-widget-container\">\n\t\t\t\t\t<h2 class=\"elementor-heading-title elementor-size-default\">TEMI<\/h2>\t\t\t\t<\/div>\n\t\t\t\t<\/div>\n\t\t\t\t<div class=\"elementor-element elementor-element-4b5cd7ac elementor-pagination-type-progressbar elementor-arrows-position-inside elementor-widget elementor-widget-loop-carousel\" data-id=\"4b5cd7ac\" data-element_type=\"widget\" data-e-type=\"widget\" data-settings=\"{&quot;template_id&quot;:1158,&quot;pagination&quot;:&quot;progressbar&quot;,&quot;image_spacing_custom&quot;:{&quot;unit&quot;:&quot;px&quot;,&quot;size&quot;:0,&quot;sizes&quot;:[]},&quot;_skin&quot;:&quot;post&quot;,&quot;slides_to_show&quot;:&quot;3&quot;,&quot;slides_to_show_tablet&quot;:&quot;2&quot;,&quot;slides_to_show_mobile&quot;:&quot;1&quot;,&quot;slides_to_scroll&quot;:&quot;1&quot;,&quot;edit_handle_selector&quot;:&quot;.elementor-loop-container&quot;,&quot;autoplay&quot;:&quot;yes&quot;,&quot;autoplay_speed&quot;:5000,&quot;pause_on_hover&quot;:&quot;yes&quot;,&quot;pause_on_interaction&quot;:&quot;yes&quot;,&quot;infinite&quot;:&quot;yes&quot;,&quot;speed&quot;:500,&quot;offset_sides&quot;:&quot;none&quot;,&quot;arrows&quot;:&quot;yes&quot;,&quot;image_spacing_custom_tablet&quot;:{&quot;unit&quot;:&quot;px&quot;,&quot;size&quot;:&quot;&quot;,&quot;sizes&quot;:[]},&quot;image_spacing_custom_mobile&quot;:{&quot;unit&quot;:&quot;px&quot;,&quot;size&quot;:&quot;&quot;,&quot;sizes&quot;:[]}}\" data-widget_type=\"loop-carousel.post\">\n\t\t\t\t<div class=\"elementor-widget-container\">\n\t\t\t\t\t\t\t<div class=\"e-loop-nothing-found-message\">\n\t\t<\/div>\n\t\t\t\t\t\t<\/div>\n\t\t\t\t<\/div>\n\t\t\t\t\t<\/div>\n\t\t<\/div>\n\t\t\t\t\t<\/div>\n\t\t<\/section>\n\t\t\t\t<section class=\"elementor-section elementor-top-section elementor-element elementor-element-38fd3e05 elementor-section-full_width elementor-section-height-default elementor-section-height-default\" data-id=\"38fd3e05\" data-element_type=\"section\" data-e-type=\"section\">\n\t\t\t\t\t\t<div class=\"elementor-container elementor-column-gap-no\">\n\t\t\t\t\t<div class=\"elementor-column elementor-col-100 elementor-top-column elementor-element elementor-element-18d5e37d\" data-id=\"18d5e37d\" data-element_type=\"column\" data-e-type=\"column\">\n\t\t\t<div class=\"elementor-widget-wrap\">\n\t\t\t\t\t\t\t<\/div>\n\t\t<\/div>\n\t\t\t\t\t<\/div>\n\t\t<\/section>\n\t\t\t\t<\/div>\n\t\t\t\t<\/div>\n\t\t\t\t\t\t<\/div>\n\t\t\t\t<\/div>\n\t\t\t\t<div class=\"elementor-element elementor-element-359aed4 elementor-hidden-desktop elementor-hidden-tablet elementor-widget elementor-widget-image\" data-id=\"359aed4\" data-element_type=\"widget\" data-e-type=\"widget\" data-settings=\"{&quot;motion_fx_motion_fx_scrolling&quot;:&quot;yes&quot;,&quot;motion_fx_rotateZ_effect&quot;:&quot;yes&quot;,&quot;motion_fx_rotateZ_speed&quot;:{&quot;unit&quot;:&quot;px&quot;,&quot;size&quot;:1,&quot;sizes&quot;:[]},&quot;motion_fx_rotateZ_affectedRange&quot;:{&quot;unit&quot;:&quot;%&quot;,&quot;size&quot;:&quot;&quot;,&quot;sizes&quot;:{&quot;start&quot;:0,&quot;end&quot;:100}},&quot;motion_fx_devices&quot;:[&quot;desktop&quot;,&quot;tablet&quot;,&quot;mobile&quot;]}\" data-widget_type=\"image.default\">\n\t\t\t\t<div class=\"elementor-widget-container\">\n\t\t\t\t\t\t\t\t\t\t\t\t\t\t\t<img decoding=\"async\" width=\"512\" height=\"512\" src=\"https:\/\/attivanza.org\/wp-content\/uploads\/2023\/06\/Sticker.png\" class=\"attachment-large size-large wp-image-1583\" alt=\"sticker ATTIVANZA &quot;Attenzione questa newsletter \u00e8 per persone attive&quot;\" srcset=\"https:\/\/attivanza.org\/wp-content\/uploads\/2023\/06\/Sticker.png 512w, https:\/\/attivanza.org\/wp-content\/uploads\/2023\/06\/Sticker-300x300.png 300w, https:\/\/attivanza.org\/wp-content\/uploads\/2023\/06\/Sticker-150x150.png 150w\" sizes=\"(max-width: 512px) 100vw, 512px\" \/>\t\t\t\t\t\t\t\t\t\t\t\t\t\t\t<\/div>\n\t\t\t\t<\/div>\n\t\t\t\t\t<\/div>\n\t\t<\/div>\n\t\t\t\t\t<\/div>\n\t\t<\/section>\n\t\t\t\t<section class=\"elementor-section elementor-top-section elementor-element elementor-element-55ae12e elementor-section-full_width elementor-hidden-desktop elementor-hidden-tablet elementor-hidden-mobile elementor-section-height-default elementor-section-height-default\" data-id=\"55ae12e\" data-element_type=\"section\" data-e-type=\"section\">\n\t\t\t\t\t\t<div class=\"elementor-container elementor-column-gap-default\">\n\t\t\t\t\t<div class=\"elementor-column elementor-col-50 elementor-top-column elementor-element elementor-element-020aa2e\" data-id=\"020aa2e\" data-element_type=\"column\" data-e-type=\"column\">\n\t\t\t<div class=\"elementor-widget-wrap elementor-element-populated\">\n\t\t\t\t\t\t<div class=\"elementor-element elementor-element-aff473f elementor-widget elementor-widget-text-editor\" data-id=\"aff473f\" data-element_type=\"widget\" data-e-type=\"widget\" data-widget_type=\"text-editor.default\">\n\t\t\t\t<div class=\"elementor-widget-container\">\n\t\t\t\t\t\t\t\t\t<p class=\"p1\">Ma la strada verso l\u2019integrazione europea non \u00e8 facile, tante sono ancora le differenze culturali e le divisioni dovute al prevalere di interessi strategici nazionali legati, a loro volta, al mutare dei governi in carica. Riteniamo indispensabile, per noi cittadini\/e, approfondire normative, politiche e meccanismi di funzionamento dell\u2019Unione europea, conoscere meglio gli approcci e le visioni dei gruppi politici e dei rappresentanti del Parlamento europeo e portare temi e scelte che riguardano le nostre vite il pi\u00f9 possibile fuori da ambiti elitari o da addetti ai lavori. Ci chiediamo se e come sar\u00e0 possibile espandere il <strong>federalismo europeo oltre il mercato unico<\/strong> e rendere l\u00b4UE un\u00b4entit\u00e0 politicamente pi\u00f9 coesa ai tavoli di negoziazione internazionale.  <\/p>\t\t\t\t\t\t\t\t<\/div>\n\t\t\t\t<\/div>\n\t\t\t\t\t<\/div>\n\t\t<\/div>\n\t\t\t\t<div class=\"elementor-column elementor-col-50 elementor-top-column elementor-element elementor-element-0434355\" data-id=\"0434355\" data-element_type=\"column\" data-e-type=\"column\">\n\t\t\t<div class=\"elementor-widget-wrap elementor-element-populated\">\n\t\t\t\t\t\t<div class=\"elementor-element elementor-element-41191fd elementor-widget elementor-widget-text-editor\" data-id=\"41191fd\" data-element_type=\"widget\" data-e-type=\"widget\" data-widget_type=\"text-editor.default\">\n\t\t\t\t<div class=\"elementor-widget-container\">\n\t\t\t\t\t\t\t\t\t<p> Quali sono i nodi critici e le priorit\u00e0 che l\u2019UE dovr\u00e0 affrontare per portare avanti decisioni comuni su questioni vitali come il futuro modello economico-produttivo, le politiche climatico-ambientali, gli equilibri mondiali, povert\u00e0 e disuguaglianze sociali, le persone migranti? Come tutelare i valori comuni europei dai continui attacchi sovranisti e dall\u2019instabilit\u00e0 generata dagli interessi nazionali? Con quali strumenti e in quali luoghi cittadini\/e europei possono esercitare la propria azione politica sulle istituzioni e migliorare la governance partecipativa, nel rispetto comunque del ruolo centrale della Politica, che &#8211; all\u2019interno del processo decisionale &#8211; deve sempre poter garantire il pubblico interesse? Come si pone l\u2019Italia rispetto al progetto europeo, quali sono i piani e gli investimenti a medio-lungo termine che dovrebbero resistere al di l\u00e0 dei continui cambi di esecutivo?   <\/p>\t\t\t\t\t\t\t\t<\/div>\n\t\t\t\t<\/div>\n\t\t\t\t\t<\/div>\n\t\t<\/div>\n\t\t\t\t\t<\/div>\n\t\t<\/section>\n\t\t\t\t<section class=\"elementor-section elementor-top-section elementor-element elementor-element-79280b3 elementor-section-full_width elementor-hidden-desktop elementor-hidden-tablet elementor-hidden-mobile elementor-section-height-default elementor-section-height-default\" data-id=\"79280b3\" data-element_type=\"section\" data-e-type=\"section\" data-settings=\"{&quot;animation&quot;:&quot;none&quot;}\">\n\t\t\t\t\t\t<div class=\"elementor-container elementor-column-gap-default\">\n\t\t\t\t\t<div class=\"elementor-column elementor-col-100 elementor-top-column elementor-element elementor-element-80d4775\" data-id=\"80d4775\" data-element_type=\"column\" data-e-type=\"column\">\n\t\t\t<div class=\"elementor-widget-wrap elementor-element-populated\">\n\t\t\t\t\t\t<div class=\"elementor-element elementor-element-db90483 elementor-widget elementor-widget-table-of-contents\" data-id=\"db90483\" data-element_type=\"widget\" data-e-type=\"widget\" data-settings=\"{&quot;headings_by_tags&quot;:[&quot;h3&quot;],&quot;exclude_headings_by_selector&quot;:[],&quot;no_headings_message&quot;:&quot;Non sono state trovate intestazioni in questa pagina.&quot;,&quot;marker_view&quot;:&quot;numbers&quot;,&quot;hierarchical_view&quot;:&quot;yes&quot;,&quot;min_height&quot;:{&quot;unit&quot;:&quot;px&quot;,&quot;size&quot;:&quot;&quot;,&quot;sizes&quot;:[]},&quot;min_height_tablet&quot;:{&quot;unit&quot;:&quot;px&quot;,&quot;size&quot;:&quot;&quot;,&quot;sizes&quot;:[]},&quot;min_height_mobile&quot;:{&quot;unit&quot;:&quot;px&quot;,&quot;size&quot;:&quot;&quot;,&quot;sizes&quot;:[]}}\" data-widget_type=\"table-of-contents.default\">\n\t\t\t\t<div class=\"elementor-widget-container\">\n\t\t\t\t\t\t\t\t\t<div class=\"elementor-toc__header\">\n\t\t\t\t\t\t<h4 class=\"elementor-toc__header-title\">\n\t\t\t\tTabella dei Contenuti\t\t\t<\/h4>\n\t\t\t\t\t\t\t\t<\/div>\n\t\t\t\t<div id=\"elementor-toc__db90483\" class=\"elementor-toc__body\">\n\t\t\t<div class=\"elementor-toc__spinner-container\">\n\t\t\t\t<i class=\"elementor-toc__spinner eicon-animation-spin eicon-loading\" aria-hidden=\"true\"><\/i>\t\t\t<\/div>\n\t\t<\/div>\n\t\t\t\t\t\t<\/div>\n\t\t\t\t<\/div>\n\t\t\t\t\t<\/div>\n\t\t<\/div>\n\t\t\t\t\t<\/div>\n\t\t<\/section>\n\t\t\t\t<section class=\"elementor-section elementor-top-section elementor-element elementor-element-8b871b7 elementor-hidden-desktop elementor-hidden-tablet elementor-hidden-mobile elementor-section-boxed elementor-section-height-default elementor-section-height-default elementor-invisible\" data-id=\"8b871b7\" data-element_type=\"section\" data-e-type=\"section\" data-settings=\"{&quot;background_background&quot;:&quot;classic&quot;,&quot;animation&quot;:&quot;slideInUp&quot;,&quot;animation_mobile&quot;:&quot;slideInUp&quot;}\">\n\t\t\t\t\t\t<div class=\"elementor-container elementor-column-gap-no\">\n\t\t\t\t\t<div class=\"elementor-column elementor-col-100 elementor-top-column elementor-element elementor-element-676e829\" data-id=\"676e829\" data-element_type=\"column\" data-e-type=\"column\">\n\t\t\t<div class=\"elementor-widget-wrap elementor-element-populated\">\n\t\t\t\t\t\t<section class=\"elementor-section elementor-inner-section elementor-element elementor-element-3bbb300 elementor-section-content-middle elementor-section-boxed elementor-section-height-default elementor-section-height-default\" data-id=\"3bbb300\" data-element_type=\"section\" data-e-type=\"section\">\n\t\t\t\t\t\t<div class=\"elementor-container elementor-column-gap-default\">\n\t\t\t\t\t<div class=\"elementor-column elementor-col-50 elementor-inner-column elementor-element elementor-element-4b537d5\" data-id=\"4b537d5\" data-element_type=\"column\" data-e-type=\"column\">\n\t\t\t<div class=\"elementor-widget-wrap elementor-element-populated\">\n\t\t\t\t\t\t<div class=\"elementor-element elementor-element-69248d3 elementor-widget elementor-widget-heading\" data-id=\"69248d3\" data-element_type=\"widget\" data-e-type=\"widget\" data-widget_type=\"heading.default\">\n\t\t\t\t<div class=\"elementor-widget-container\">\n\t\t\t\t\t<h2 class=\"elementor-heading-title elementor-size-default\">01<\/h2>\t\t\t\t<\/div>\n\t\t\t\t<\/div>\n\t\t\t\t\t<\/div>\n\t\t<\/div>\n\t\t\t\t<div class=\"elementor-column elementor-col-50 elementor-inner-column elementor-element elementor-element-3b52d96\" data-id=\"3b52d96\" data-element_type=\"column\" data-e-type=\"column\">\n\t\t\t<div class=\"elementor-widget-wrap elementor-element-populated\">\n\t\t\t\t\t\t<div class=\"elementor-element elementor-element-8e66e5a elementor-widget elementor-widget-heading\" data-id=\"8e66e5a\" data-element_type=\"widget\" data-e-type=\"widget\" id=\"transizione01\" data-widget_type=\"heading.default\">\n\t\t\t\t<div class=\"elementor-widget-container\">\n\t\t\t\t\t<h3 class=\"elementor-heading-title elementor-size-default\">Transizione ecologica: verso un nuovo modello produttivo-industriale europeo?<\/h3>\t\t\t\t<\/div>\n\t\t\t\t<\/div>\n\t\t\t\t\t<\/div>\n\t\t<\/div>\n\t\t\t\t\t<\/div>\n\t\t<\/section>\n\t\t\t\t<div class=\"elementor-element elementor-element-c9bf3c0 elementor-widget elementor-widget-text-editor\" data-id=\"c9bf3c0\" data-element_type=\"widget\" data-e-type=\"widget\" data-widget_type=\"text-editor.default\">\n\t\t\t\t<div class=\"elementor-widget-container\">\n\t\t\t\t\t\t\t\t\tNegli ultimi anni, attraverso importanti strategie come \u201c<em>Il futuro sostenibile dell\u2019Europa<\/em>\u201d e il \u201c<em>Green Deal<\/em>\u201d, l\u2019UE ha imboccato la strada della transizione ecologica delineando un nuovo modello imprenditoriale fondato sui principi dell\u2019economia circolare, l\u2019economia sociale di mercato, la digitalizzazione. Sicuramente le iniziative internazionali per lo <strong>Sviluppo sostenibile<\/strong> (concetto multifattoriale sistematizzato dall\u2019<em>Agenda ONU 2030<\/em>, il nuovo quadro di riferimento globale per lo Sviluppo umano) stanno spingendo le agende politiche nazionali a trovare soluzioni comuni alle grandi sfide del pianeta, quali la povert\u00e0, l\u2019emergenza climatica, il degrado dell\u2019ambiente, i conflitti, le crisi sanitarie, il non rispetto dei diritti umani. \t\t\t\t\t\t\t\t<\/div>\n\t\t\t\t<\/div>\n\t\t\t\t<section class=\"elementor-section elementor-inner-section elementor-element elementor-element-d15ec79 elementor-section-full_width elementor-section-height-default elementor-section-height-default\" data-id=\"d15ec79\" data-element_type=\"section\" data-e-type=\"section\">\n\t\t\t\t\t\t<div class=\"elementor-container elementor-column-gap-default\">\n\t\t\t\t\t<div class=\"elementor-column elementor-col-50 elementor-inner-column elementor-element elementor-element-8548fc4\" data-id=\"8548fc4\" data-element_type=\"column\" data-e-type=\"column\">\n\t\t\t<div class=\"elementor-widget-wrap elementor-element-populated\">\n\t\t\t\t\t\t<div class=\"elementor-element elementor-element-3fbe4da elementor-widget elementor-widget-text-editor\" data-id=\"3fbe4da\" data-element_type=\"widget\" data-e-type=\"widget\" data-widget_type=\"text-editor.default\">\n\t\t\t\t<div class=\"elementor-widget-container\">\n\t\t\t\t\t\t\t\t\t<p class=\"p1\">Temi un tempo sentiti come distanti dalle societ\u00e0 \u201cavanzate\u201d e che oggi, invece, con la pandemia Covid 19, l\u2019attacco russo all\u2019Ucraina, la crisi energetica, toccano da vicino l\u2019Occidente democratico e costringono a rimettere in discussione sia il modello economico-industriale dominante sia le modalit\u00e0 di interazione fra Paesi.<\/p>\t\t\t\t\t\t\t\t<\/div>\n\t\t\t\t<\/div>\n\t\t\t\t\t<\/div>\n\t\t<\/div>\n\t\t\t\t<div class=\"elementor-column elementor-col-50 elementor-inner-column elementor-element elementor-element-99e9636\" data-id=\"99e9636\" data-element_type=\"column\" data-e-type=\"column\">\n\t\t\t<div class=\"elementor-widget-wrap elementor-element-populated\">\n\t\t\t\t\t\t<div class=\"elementor-element elementor-element-d9af1df elementor-widget elementor-widget-text-editor\" data-id=\"d9af1df\" data-element_type=\"widget\" data-e-type=\"widget\" data-widget_type=\"text-editor.default\">\n\t\t\t\t<div class=\"elementor-widget-container\">\n\t\t\t\t\t\t\t\t\t<p>Vivendo problemi comuni, siamo diventati pi\u00f9 consapevoli della fragilit\u00e0 e dell\u2019interdipendenza che caratterizzano le nostre societ\u00e0 e della necessit\u00e0 della cooperazione\u2026 Cio\u00b4 nonostante, gli stessi problemi che dovrebbero avvicinarci come popolo europeo rafforzano quelle divisioni che rendono impossibile l\u2019elaborazione di un approccio comune fondato su visioni condivise.<\/p>\t\t\t\t\t\t\t\t<\/div>\n\t\t\t\t<\/div>\n\t\t\t\t\t<\/div>\n\t\t<\/div>\n\t\t\t\t\t<\/div>\n\t\t<\/section>\n\t\t\t\t<div class=\"elementor-element elementor-element-f978e93 elementor-widget elementor-widget-text-editor\" data-id=\"f978e93\" data-element_type=\"widget\" data-e-type=\"widget\" data-widget_type=\"text-editor.default\">\n\t\t\t\t<div class=\"elementor-widget-container\">\n\t\t\t\t\t\t\t\t\t<p>La strategia per la transizione ecologica punta a ridurre l\u2019eccessiva dipendenza estera dell\u2019Unione europea, dalle fonti energetiche alle materie prime \u201ccritiche\u201d alle tecnologie, e questo sta portando inevitabilmente a rivedere la politica commerciale e di libero scambio, a modificare rapporti geoeconomici e geopolitici consolidati. Sar\u00e0 possibile l\u2019autonomia strategica europea, senza determinare ulteriori tensioni geopolitiche tra le potenze gi\u00e0 attive sul contesto globale? <\/p><p>Di sicuro, risulta necessario un grande lavoro di concerto nell\u2019ambito di organismi internazionali, come ad esempio la WTO (World Trade Organization, l\u2019Organizzazione mondiale del commercio), per negoziare relazioni commerciali multilaterali che tengano conto delle grandi sfide globali: il cambiamento climatico, la protezione della biodiversit\u00e0, i diritti umani. A tal proposito, la Commissione Europea ha presentato il 22 giugno 2022 un nuovo approccio agli accordi commerciali per rendere gli scambi dell\u2019UE pi\u00f9 verdi, pi\u00f9 equi e pi\u00f9 sostenibili, affinch\u00e9 la crescita economica vada di pari passo con la tutela dei diritti umani, il lavoro dignitoso, il clima e ambiente. L\u2019approccio si basa sulle norme internazionali del lavoro e dell\u2019ambiente e richiede strutture e processi trasparenti, cooperazione tra i partner e coinvolgimento della societ\u00e0 civile.  <\/p>\t\t\t\t\t\t\t\t<\/div>\n\t\t\t\t<\/div>\n\t\t\t\t<div class=\"elementor-element elementor-element-cc53a03 elementor-widget elementor-widget-text-editor\" data-id=\"cc53a03\" data-element_type=\"widget\" data-e-type=\"widget\" data-widget_type=\"text-editor.default\">\n\t\t\t\t<div class=\"elementor-widget-container\">\n\t\t\t\t\t\t\t\t\t<p>Parecchie sono le criticit\u00e0 da affrontare legate alla transizione ecologica, come ad esempio le conseguenze sul piano lavorativo e sociale della riconversione di settori ad alto impatto (vedi, a tal fine, nel quadro della politica di coesione, lo strumento finanziario europeo \u201c<em>Just Transition<\/em>\u201d a supporto di territori e comunit\u00e0) o l\u2019urgenza dell\u2019applicazione severa della normativa \u201c<em>Due Diligence<\/em>\u201d in filiere strategiche per l\u2019innovazione tecnologica e digitale per contrastare abusi e violazioni di diritti umani (come ad es. le miniere di cobalto). Anche l\u2019economia circolare, vero pilastro della transizione ecologica, sar\u00e0 poco efficace se non si comincer\u00e0 a riflettere su una politica condivisa in merito all\u2019uso oculato delle risorse naturali e alla generazione a monte dei rifiuti. Ma qui si richiede alla politica di porsi ad un livello praticamente \u201crivoluzionario\u201d: la messa in discussione di un vero e proprio tab\u00f9, ovvero crescita e profitto illimitati che provocano danni al pianeta e aumento esponenziale delle diseguaglianze. Lo stiamo ancora una volta sperimentando sulla nostra pelle, con gli extraprofitti immotivati e fuori controllo da parte di grandi organizzazioni private e pubbliche, e con la frammentazione degli interessi strategici nazionali (uno fra i tanti esempi: l\u2019accordo individuale tra Germania e Commissione UE sull\u2019uso futuro dei biocarburanti che consentir\u00e0 di commercializzare gli autoveicoli con motori termici anche dopo il 2035, quando scatter\u00e0 il divieto di vendere auto a benzina e diesel). La transizione ecologica verso lo sviluppo sostenibile richiede enormi investimenti, non solo di fondi pubblici ma anche di quelli privati. Per questo \u00e8 importante che <strong>la politica dia il senso di dove vogliamo arrivare nel prossimo futuro<\/strong>, dimostrando, da un lato, realismo e capacit\u00e0 di prendersi cura della vita, delle generazioni presenti e future, del pianeta e, dall\u2019altro, la capacit\u00e0 di far percepire alle nostre comunit\u00e0 l\u2019assoluta necessit\u00e0 di implementare tali cambiamenti. Poich\u00e8 viviamo in ambienti biofisici limitati, <strong>\u00e8 insensato continuare a parlare di crescita e di innovazione tecnologica senza porsi la questione di cosa produrre, con quali risorse e con quali conseguenze per la salute, per l&#8217;ambiente, per i diritti umani.<\/strong> C\u2019\u00e8 bisogno di sperimentare e definire forme di approvvigionamento, lavorazione, distribuzione, utilizzazione, rigenerazione degli stock naturali, insomma <strong>un nuovo modello di sviluppo<\/strong> non pi\u00f9 tarato sul Prodotto Interno Lordo, strumento che indica la quantit\u00e0 di ricchezza prodotta e non la qualit\u00e0 dei risultati delle scelte economiche e relativi impatti sul ben-essere delle persone. Serve un riaggiustamento della distribuzione del valore generato dall\u2019economia, la quale dovrebbe essere in grado di assicurare quei servizi fondamentali per soddisfare \u2013 all\u2019interno dei limiti fisici planetari \u2013 i bisogni delle persone, creando posti di lavoro dignitosi, sicuri, eliminando la povert\u00e0 e la disoccupazione. Ma, soprattutto, andrebbe riequilibrata la globalizzazione, chiedendosi come passare dalla concentrazione delle risorse strategiche nelle mani di pochi Stati ad <strong>una ripartizione equa dei beni comuni globali<\/strong>, dall\u2019energia, alle materie prime, ai beni di prima necessit\u00e0, al lavoro dignitoso come parte integrante dei diritti fondamentali della Persona.        <\/p>\t\t\t\t\t\t\t\t<\/div>\n\t\t\t\t<\/div>\n\t\t\t\t\t<\/div>\n\t\t<\/div>\n\t\t\t\t\t<\/div>\n\t\t<\/section>\n\t\t\t\t<section class=\"elementor-section elementor-top-section elementor-element elementor-element-d7d92a3 elementor-hidden-desktop elementor-hidden-tablet elementor-hidden-mobile elementor-section-boxed elementor-section-height-default elementor-section-height-default elementor-invisible\" data-id=\"d7d92a3\" data-element_type=\"section\" data-e-type=\"section\" data-settings=\"{&quot;background_background&quot;:&quot;classic&quot;,&quot;animation&quot;:&quot;slideInUp&quot;,&quot;animation_mobile&quot;:&quot;slideInUp&quot;}\">\n\t\t\t\t\t\t<div class=\"elementor-container elementor-column-gap-no\">\n\t\t\t\t\t<div class=\"elementor-column elementor-col-100 elementor-top-column elementor-element elementor-element-3874b12\" data-id=\"3874b12\" data-element_type=\"column\" data-e-type=\"column\">\n\t\t\t<div class=\"elementor-widget-wrap elementor-element-populated\">\n\t\t\t\t\t\t<section class=\"elementor-section elementor-inner-section elementor-element elementor-element-1e3a3be elementor-section-content-middle elementor-section-boxed elementor-section-height-default elementor-section-height-default\" data-id=\"1e3a3be\" data-element_type=\"section\" data-e-type=\"section\">\n\t\t\t\t\t\t<div class=\"elementor-container elementor-column-gap-default\">\n\t\t\t\t\t<div class=\"elementor-column elementor-col-50 elementor-inner-column elementor-element elementor-element-eb18e59\" data-id=\"eb18e59\" data-element_type=\"column\" data-e-type=\"column\">\n\t\t\t<div class=\"elementor-widget-wrap elementor-element-populated\">\n\t\t\t\t\t\t<div class=\"elementor-element elementor-element-2f8ba7b elementor-widget elementor-widget-heading\" data-id=\"2f8ba7b\" data-element_type=\"widget\" data-e-type=\"widget\" data-widget_type=\"heading.default\">\n\t\t\t\t<div class=\"elementor-widget-container\">\n\t\t\t\t\t<h2 class=\"elementor-heading-title elementor-size-default\">02<\/h2>\t\t\t\t<\/div>\n\t\t\t\t<\/div>\n\t\t\t\t\t<\/div>\n\t\t<\/div>\n\t\t\t\t<div class=\"elementor-column elementor-col-50 elementor-inner-column elementor-element elementor-element-b385b0e\" data-id=\"b385b0e\" data-element_type=\"column\" data-e-type=\"column\">\n\t\t\t<div class=\"elementor-widget-wrap elementor-element-populated\">\n\t\t\t\t\t\t<div class=\"elementor-element elementor-element-ce99a0a elementor-widget elementor-widget-heading\" data-id=\"ce99a0a\" data-element_type=\"widget\" data-e-type=\"widget\" data-widget_type=\"heading.default\">\n\t\t\t\t<div class=\"elementor-widget-container\">\n\t\t\t\t\t<h3 class=\"elementor-heading-title elementor-size-default\">Politica monetaria e regole fiscali europee per ridurre le disuguaglianze socio-economiche<\/h3>\t\t\t\t<\/div>\n\t\t\t\t<\/div>\n\t\t\t\t\t<\/div>\n\t\t<\/div>\n\t\t\t\t\t<\/div>\n\t\t<\/section>\n\t\t\t\t<div class=\"elementor-element elementor-element-71710e1 elementor-widget elementor-widget-text-editor\" data-id=\"71710e1\" data-element_type=\"widget\" data-e-type=\"widget\" data-widget_type=\"text-editor.default\">\n\t\t\t\t<div class=\"elementor-widget-container\">\n\t\t\t\t\t\t\t\t\tE\u2019 in corso un riassetto della geografia economica mondiale: pandemia e guerra in Ucraina hanno acuito interessi nazionali e regionali, spingendo gli Stati ad intraprendere iniziative economiche e industriali proprie senza alcun coordinamento internazionale. L\u2019inflazione generata dalle politiche monetarie e pubbliche espansive ha prodotto effetti disomogenei; per bloccare il rialzo dei prezzi, la BCE ha adottato la consueta misura monetaria dell\u2019innalzamento dei tassi di interesse in modo da limitare gli investimenti a favore dei risparmi, frenare la domanda e di conseguenza ridurre strutturalmente i prezzi dei beni. \t\t\t\t\t\t\t\t<\/div>\n\t\t\t\t<\/div>\n\t\t\t\t<section class=\"elementor-section elementor-inner-section elementor-element elementor-element-d35cdcd elementor-section-full_width elementor-section-height-default elementor-section-height-default\" data-id=\"d35cdcd\" data-element_type=\"section\" data-e-type=\"section\">\n\t\t\t\t\t\t<div class=\"elementor-container elementor-column-gap-default\">\n\t\t\t\t\t<div class=\"elementor-column elementor-col-50 elementor-inner-column elementor-element elementor-element-5b9aadf\" data-id=\"5b9aadf\" data-element_type=\"column\" data-e-type=\"column\">\n\t\t\t<div class=\"elementor-widget-wrap elementor-element-populated\">\n\t\t\t\t\t\t<div class=\"elementor-element elementor-element-c974748 elementor-widget elementor-widget-text-editor\" data-id=\"c974748\" data-element_type=\"widget\" data-e-type=\"widget\" data-widget_type=\"text-editor.default\">\n\t\t\t\t<div class=\"elementor-widget-container\">\n\t\t\t\t\t\t\t\t\t<p class=\"p1\">Ma queste misure determinano pesanti contraccolpi su mutui, su prestiti a famiglie e imprese, colpendo giovani e fasce deboli. In questi mesi, gli stessi economisti della BCE stanno mettendo in guardia sui giganteschi profitti di multinazionali e grandi aziende che, nel 2022, sono cresciuti a dismisura rispetto alle buste paga. Non avendo un regime fiscale unitario, l\u2019Unione europea dovr\u00e0 certamente rivedere certi parametri troppo rigidi e ormai inadeguati che caratterizzano l\u2019UEM (Unione Economica e Monetaria), a partire dalle regole del nuovo patto di Stabilit\u00e0 Europeo che entrer\u00e0 in vigore nel 2024.   <\/p>\t\t\t\t\t\t\t\t<\/div>\n\t\t\t\t<\/div>\n\t\t\t\t\t<\/div>\n\t\t<\/div>\n\t\t\t\t<div class=\"elementor-column elementor-col-50 elementor-inner-column elementor-element elementor-element-85863c2\" data-id=\"85863c2\" data-element_type=\"column\" data-e-type=\"column\">\n\t\t\t<div class=\"elementor-widget-wrap elementor-element-populated\">\n\t\t\t\t\t\t<div class=\"elementor-element elementor-element-ab2339c elementor-widget elementor-widget-text-editor\" data-id=\"ab2339c\" data-element_type=\"widget\" data-e-type=\"widget\" data-widget_type=\"text-editor.default\">\n\t\t\t\t<div class=\"elementor-widget-container\">\n\t\t\t\t\t\t\t\t\t<p>E\u2019 infatti in corso un\u2019operazione di riforma, partendo dalla presa d\u2019atto che la riduzione del debito pubblico nazionale, sulla base dei vincoli del 3% del deficit di bilancio e il 60% del rapporto debito\/PIL, non pu\u00f2 avvenire a scapito degli investimenti necessari per affrontare le sfide del futuro, in particolare quella climatica, energetica e della conoscenza. La ridefinizione delle catene di fornitura a monte del processo produttivo dovr\u00e0 basarsi non pi\u00f9 sul criterio del minor costo in assoluto ma su quello di garanzia di sicurezza e affidabilit\u00e0. <\/p>\t\t\t\t\t\t\t\t<\/div>\n\t\t\t\t<\/div>\n\t\t\t\t\t<\/div>\n\t\t<\/div>\n\t\t\t\t\t<\/div>\n\t\t<\/section>\n\t\t\t\t<div class=\"elementor-element elementor-element-484f28c elementor-widget elementor-widget-text-editor\" data-id=\"484f28c\" data-element_type=\"widget\" data-e-type=\"widget\" data-widget_type=\"text-editor.default\">\n\t\t\t\t<div class=\"elementor-widget-container\">\n\t\t\t\t\t\t\t\t\t<p>Se per rendere pi\u00f9 efficiente il funzionamento del mercato comune l\u2019UE ha armonizzato diversi aspetti della tassazione dei consumi e della raccolta dei capitali, sul piano della tassazione permangono forti differenze tra paesi, in particolare riguardo quella sui redditi delle societ\u00e0. Alcuni piccoli paesi europei (Olanda, Cipro, Malta, Ungheria, Lussemburgo e Irlanda), definiti dalla Commissione come \u201cfiscalmente aggressivi\u201d, applicano un regime di tassazione estremamente favorevole, che attira gli investimenti delle multinazionali, ma, al tempo stesso, incentiva pratiche scorrette di \u201ctransfer pricing\u201d (transazioni all\u2019interno di un gruppo multinazionali a prezzi fittizi) causando grosse perdite di basi imponibili per altri paesi. \u00c8 quindi necessario un sistema di regole che renda pi\u00f9 omogenea la legislazione fiscale in modo da non distorcere l\u2019allocazione delle risorse all\u2019interno dell\u2019Unione. Nel 2019 \u00e8 entrata in vigore la direttiva contro l\u2019elusione con l\u2019obiettivo di armonizzare la base imponibile della tassazione delle societ\u00e0, aumentare il coordinamento a livello europeo e incrementare la trasparenza informativa.   <\/p>\t\t\t\t\t\t\t\t<\/div>\n\t\t\t\t<\/div>\n\t\t\t\t<div class=\"elementor-element elementor-element-4160014 elementor-widget elementor-widget-text-editor\" data-id=\"4160014\" data-element_type=\"widget\" data-e-type=\"widget\" data-widget_type=\"text-editor.default\">\n\t\t\t\t<div class=\"elementor-widget-container\">\n\t\t\t\t\t\t\t\t\t<p>La Direttiva \u00e8 stata implementata a livello nazionale da ogni Stato attraverso le proprie leggi, ma in alcuni paesi ha raggiunto risultati modesti. Un mercato delle dimensioni di quello europeo non pu\u00f2 esistere senza politiche fiscali, sociali e industriali comuni: le distorsioni e la mancanza di regole comuni hanno impattato drammaticamente sui rapporti di forza non solo fra capitale e lavoro, a favore del primo, ma anche all\u2019interno del lavoro stesso, provocando una concentrazione di potere e di reddito nelle mani dei pi\u00f9 ricchi. In termini economici, le disuguaglianze pongono non solo un problema di equit\u00e0, ma anche di efficienza. Infatti, tendono ad essere soprattutto espressione di processi globali che, con i grandi flussi internazionali di capitali, beni, lavoratori e conoscenza, l\u2019espansione della finanza, i sistemi di produzione internazionale delle multinazionali, abbassano fortemente i salari condizionati dai bassi livelli dei paesi emergenti. La capacit\u00e0 delle politiche nazionali di affrontare questi cambiamenti \u00e8 fortemente diminuita, mentre la finanza \u00e8 diventata una forza dominante nella maggior parte delle economie che ridefinisce la dinamica della distribuzione di reddito e ricchezza. La riforma strutturale del sistema finanziario globale, attraverso organizzazione internazionali come l\u2019ONU, \u00e8 urgente: ogni anno quasi 500 miliardi di dollari finiscono nei paradisi fiscali, sottratti alle casse dei Paesi. Oltre mille miliardi sono i profitti trasferiti e accumulati dalle multinazionali per via di societ\u00e0 fittizie o domiciliazioni di facciata. Gli impatti dell\u2019evasione fiscale internazionale delle imprese danneggiano tutti i Paesi e conseguenze sono particolarmente devastanti per i Paesi a basso reddito.       <\/p><p>Per fermare la corsa al ribasso che delocalizzazione e concorrenza internazionale sleale stanno generando sui diritti del lavoro e la tutela dell\u2019ambiente, l\u2019UE ha messo in campo il <strong>meccanismo di aggiustamento alla frontiera<\/strong> (<em>Border adjustment mechanism<\/em>) contro la concorrenza sleale. Mentre, a livello di fiscalit\u00e0, \u00e8 stato raggiunto un accordo per applicare una <strong>minimum tax<\/strong>, un\u2019aliquota fiscale minima effettiva per le multinazionali e i grandi gruppi nazionali europee, con entrate finanziarie superiori a 750 milioni di euro all\u2019anno. <\/p><p>Tuttavia, per ridurre i divari \u00e8 necessario affiancare alle politiche redistributive (come la fiscalit\u00e0 progressiva e le imposte di successione per riequilibrare i lasciti ereditari) anche misure <strong>pre-distributive<\/strong> che possano intervenire a monte sulle enormi disparit\u00e0 esistenti tra i redditi da lavoro e rendite legate ai redditi da capitale (ad es. garantire a tutti un\u2019adeguata dotazione di capitale umano e di pari opportunit\u00e0 di partenza attraverso, in primis, l\u2019istruzione) e politiche del lavoro volte a rafforzare il potere contrattuale dei lavoratori come <strong>minimi salariali e riduzione delle forme contrattuali<\/strong> che alimentano il precariato.<\/p><p>Della necessit\u00e0 di una maggiore integrazione monetaria regionale e di una riforma del sistema di tassazione, ne stanno parlando oggi diversi Paesi a guida progressista dell\u2019America Latina.<\/p>\t\t\t\t\t\t\t\t<\/div>\n\t\t\t\t<\/div>\n\t\t\t\t\t<\/div>\n\t\t<\/div>\n\t\t\t\t\t<\/div>\n\t\t<\/section>\n\t\t\t\t<section class=\"elementor-section elementor-top-section elementor-element elementor-element-e1a5a41 elementor-hidden-desktop elementor-hidden-tablet elementor-hidden-mobile elementor-section-boxed elementor-section-height-default elementor-section-height-default elementor-invisible\" data-id=\"e1a5a41\" data-element_type=\"section\" data-e-type=\"section\" data-settings=\"{&quot;background_background&quot;:&quot;classic&quot;,&quot;animation&quot;:&quot;slideInUp&quot;,&quot;animation_mobile&quot;:&quot;slideInUp&quot;}\">\n\t\t\t\t\t\t<div class=\"elementor-container elementor-column-gap-no\">\n\t\t\t\t\t<div class=\"elementor-column elementor-col-100 elementor-top-column elementor-element elementor-element-827e1e8\" data-id=\"827e1e8\" data-element_type=\"column\" data-e-type=\"column\">\n\t\t\t<div class=\"elementor-widget-wrap elementor-element-populated\">\n\t\t\t\t\t\t<section class=\"elementor-section elementor-inner-section elementor-element elementor-element-249ff28 elementor-section-content-middle elementor-section-boxed elementor-section-height-default elementor-section-height-default\" data-id=\"249ff28\" data-element_type=\"section\" data-e-type=\"section\">\n\t\t\t\t\t\t<div class=\"elementor-container elementor-column-gap-default\">\n\t\t\t\t\t<div class=\"elementor-column elementor-col-50 elementor-inner-column elementor-element elementor-element-4e0dfbd\" data-id=\"4e0dfbd\" data-element_type=\"column\" data-e-type=\"column\">\n\t\t\t<div class=\"elementor-widget-wrap elementor-element-populated\">\n\t\t\t\t\t\t<div class=\"elementor-element elementor-element-d442bf7 elementor-widget elementor-widget-heading\" data-id=\"d442bf7\" data-element_type=\"widget\" data-e-type=\"widget\" data-widget_type=\"heading.default\">\n\t\t\t\t<div class=\"elementor-widget-container\">\n\t\t\t\t\t<h2 class=\"elementor-heading-title elementor-size-default\">03<\/h2>\t\t\t\t<\/div>\n\t\t\t\t<\/div>\n\t\t\t\t\t<\/div>\n\t\t<\/div>\n\t\t\t\t<div class=\"elementor-column elementor-col-50 elementor-inner-column elementor-element elementor-element-8289763\" data-id=\"8289763\" data-element_type=\"column\" data-e-type=\"column\">\n\t\t\t<div class=\"elementor-widget-wrap elementor-element-populated\">\n\t\t\t\t\t\t<div class=\"elementor-element elementor-element-653ef26 elementor-widget elementor-widget-heading\" data-id=\"653ef26\" data-element_type=\"widget\" data-e-type=\"widget\" data-widget_type=\"heading.default\">\n\t\t\t\t<div class=\"elementor-widget-container\">\n\t\t\t\t\t<h3 class=\"elementor-heading-title elementor-size-default\">Politica estera e di sicurezza comune dell\u2019UE: multilateralismo, Nazioni Unite e guerre in corso<\/h3>\t\t\t\t<\/div>\n\t\t\t\t<\/div>\n\t\t\t\t\t<\/div>\n\t\t<\/div>\n\t\t\t\t\t<\/div>\n\t\t<\/section>\n\t\t\t\t<div class=\"elementor-element elementor-element-610fe30 elementor-widget elementor-widget-text-editor\" data-id=\"610fe30\" data-element_type=\"widget\" data-e-type=\"widget\" data-widget_type=\"text-editor.default\">\n\t\t\t\t<div class=\"elementor-widget-container\">\n\t\t\t\t\t\t\t\t\t<p>Le sfide del XXI secolo richiedono pi\u00f9 governance multilaterale e pi\u00f9 cooperazione internazionale basata su <strong>norme e regole<\/strong>. L&#8217;UE ha definito priorit\u00e0 strategiche chiare su questioni che nessun paese pu\u00f2 affrontare da solo: pace e sicurezza, diritti umani e stato di diritto, sviluppo sostenibile, salute pubblica, clima.  <strong>L&#8217;ONU resta al centro del sistema multilaterale.<\/strong> E\u2019 ormai evidente, tuttavia, il declino del multilateralismo quale principio organizzativo del sistema internazionale, dal momento che gli equilibri di potere sono cambiati e le sfide non sono pi\u00f9 le stesse. Riteniamo indispensabile <strong>ripensare il sistema Nazioni Unite<\/strong> come perno di ordine internazionale, ma adattato ai contesti geopolitici odierni che sono ben lontani da quelli della fine della seconda guerra mondiale. <\/p>\t\t\t\t\t\t\t\t<\/div>\n\t\t\t\t<\/div>\n\t\t\t\t<section class=\"elementor-section elementor-inner-section elementor-element elementor-element-b05db16 elementor-section-full_width elementor-section-height-default elementor-section-height-default\" data-id=\"b05db16\" data-element_type=\"section\" data-e-type=\"section\">\n\t\t\t\t\t\t<div class=\"elementor-container elementor-column-gap-default\">\n\t\t\t\t\t<div class=\"elementor-column elementor-col-50 elementor-inner-column elementor-element elementor-element-ee75c27\" data-id=\"ee75c27\" data-element_type=\"column\" data-e-type=\"column\">\n\t\t\t<div class=\"elementor-widget-wrap elementor-element-populated\">\n\t\t\t\t\t\t<div class=\"elementor-element elementor-element-0fd7b0a elementor-widget elementor-widget-text-editor\" data-id=\"0fd7b0a\" data-element_type=\"widget\" data-e-type=\"widget\" data-widget_type=\"text-editor.default\">\n\t\t\t\t<div class=\"elementor-widget-container\">\n\t\t\t\t\t\t\t\t\t<p class=\"p1\">L&#8217;UE lavora a stretto contatto con vari soggetti internazionali, quali <strong>l&#8217;Organizzazione per la cooperazione e lo sviluppo economici, l&#8217;Organizzazione mondiale del commercio, il Consiglio d&#8217;Europa, l&#8217;Organizzazione per la sicurezza e la cooperazione in Europa e l&#8217;Organizzazione del Trattato del Nord Atlantico<\/strong>.<\/p>\t\t\t\t\t\t\t\t<\/div>\n\t\t\t\t<\/div>\n\t\t\t\t\t<\/div>\n\t\t<\/div>\n\t\t\t\t<div class=\"elementor-column elementor-col-50 elementor-inner-column elementor-element elementor-element-06bca3c\" data-id=\"06bca3c\" data-element_type=\"column\" data-e-type=\"column\">\n\t\t\t<div class=\"elementor-widget-wrap elementor-element-populated\">\n\t\t\t\t\t\t<div class=\"elementor-element elementor-element-4861f88 elementor-widget elementor-widget-text-editor\" data-id=\"4861f88\" data-element_type=\"widget\" data-e-type=\"widget\" data-widget_type=\"text-editor.default\">\n\t\t\t\t<div class=\"elementor-widget-container\">\n\t\t\t\t\t\t\t\t\t<p>Andrebbero rafforzati, tuttavia, anche gli accordi di cooperazione in corso <strong>con altri raggruppamenti regionali e multinazionali quali l&#8217;Unione africana, l&#8217;Organizzazione degli Stati dell&#8217;Africa, dei Caraibi e del Pacifico, l&#8217;Associazione delle nazioni del Sud-Est asiatico o la Comunit\u00e0 degli Stati latinoamericani e caraibici. <\/strong> <\/p>\t\t\t\t\t\t\t\t<\/div>\n\t\t\t\t<\/div>\n\t\t\t\t\t<\/div>\n\t\t<\/div>\n\t\t\t\t\t<\/div>\n\t\t<\/section>\n\t\t\t\t<div class=\"elementor-element elementor-element-8221019 elementor-widget elementor-widget-text-editor\" data-id=\"8221019\" data-element_type=\"widget\" data-e-type=\"widget\" data-widget_type=\"text-editor.default\">\n\t\t\t\t<div class=\"elementor-widget-container\">\n\t\t\t\t\t\t\t\t\t<p>Come dichiara la Commissione europea, \u201c<em>La forza normativa democratica dell&#8217;UE \u00e8 uno dei mezzi per concorrere a costruire un mondo migliore, mentre le strutture di sicurezza e difesa di cui l&#8217;Unione dispone contribuiscono agli sforzi globali volti a mantenere, sostenere e costruire la pace e la sicurezza internazionali<\/em>\u201d. Noi ci vogliamo credere, ma cosa dire di fronte alle tante, troppe guerre che stanno falcidiando popoli e generazioni? Secondo quanto riportato dall\u2019organizzazione non convenzionale <a href=\"https:\/\/acleddata.com\/#\/dashboard\"><em>Armed conflict location &#038; event data project<\/em><\/a> (Acled),  <strong> <\/strong>al momento si conta circa una sessantina di guerre nel mondo, da quelle principali o maggiori, in cui perdono la vita oltre 10.000 persone l\u2019anno, come in Afghanistan, Myanmar, Yemen, Tigray in Etiopia e Ucraina, a quelle locali, di cui si conoscono meno dati, localizzate principalmente in Africa (ad es. le guerre civili condotte da bande armate in Nigeria, Congo, Etiopia, Somalia, Burkina Faso, Sudan), in Asia (Iraq e Siria), Sud America (le FARC in Colombia), centro America (la guerra della droga in Messico). Serve un cambiamento profondo nelle relazioni internazionali, porre in atto scelte e politiche che ci rendano concretamente operatori e costruttori di pace, partendo dal basso, da percorsi di partecipazione e cittadinanza attiva sui territori fino a proposte di riforma complesse come l&#8217;istituzione di un  <strong>Corpo Civile di Pace Europeo<\/strong> <strong>con l&#8217;obiettivo di qualificare l&#8217;Ue come attore di pace nelle controversie internazionali<\/strong>  (2018,  <a href=\"https:\/\/www.consilium.europa.eu\/it\/press\/press-releases\/2018\/11\/19\/civilian-common-security-and-defence-policy-eu-strengthens-its-capacities-to-act\/\" target=\"_blank\" rel=\"noopener\">&#8220;Patto sulla dimensione civile della politica di sicurezza e difesa comune&#8221;<\/a>) che agisca per prevenire i conflitti, facilitare il dialogo e mediare fra le parti, assistere nei negoziati, garantire e monitorare gli accordi sottoscritti, aiutare a ricostruire e riabilitare le zone colpite durante il periodo post-bellico.<\/p>\t\t\t\t\t\t\t\t<\/div>\n\t\t\t\t<\/div>\n\t\t\t\t\t<\/div>\n\t\t<\/div>\n\t\t\t\t\t<\/div>\n\t\t<\/section>\n\t\t\t\t<section class=\"elementor-section elementor-top-section elementor-element elementor-element-376ca90 elementor-hidden-desktop elementor-hidden-tablet elementor-hidden-mobile elementor-section-boxed elementor-section-height-default elementor-section-height-default elementor-invisible\" data-id=\"376ca90\" data-element_type=\"section\" data-e-type=\"section\" data-settings=\"{&quot;background_background&quot;:&quot;classic&quot;,&quot;animation&quot;:&quot;slideInUp&quot;,&quot;animation_mobile&quot;:&quot;slideInUp&quot;}\">\n\t\t\t\t\t\t<div class=\"elementor-container elementor-column-gap-no\">\n\t\t\t\t\t<div class=\"elementor-column elementor-col-100 elementor-top-column elementor-element elementor-element-39373b5\" data-id=\"39373b5\" data-element_type=\"column\" data-e-type=\"column\">\n\t\t\t<div class=\"elementor-widget-wrap elementor-element-populated\">\n\t\t\t\t\t\t<section class=\"elementor-section elementor-inner-section elementor-element elementor-element-39d468b elementor-section-content-middle elementor-section-boxed elementor-section-height-default elementor-section-height-default\" data-id=\"39d468b\" data-element_type=\"section\" data-e-type=\"section\">\n\t\t\t\t\t\t<div class=\"elementor-container elementor-column-gap-default\">\n\t\t\t\t\t<div class=\"elementor-column elementor-col-50 elementor-inner-column elementor-element elementor-element-14793d8\" data-id=\"14793d8\" data-element_type=\"column\" data-e-type=\"column\">\n\t\t\t<div class=\"elementor-widget-wrap elementor-element-populated\">\n\t\t\t\t\t\t<div class=\"elementor-element elementor-element-4d0124c elementor-widget elementor-widget-heading\" data-id=\"4d0124c\" data-element_type=\"widget\" data-e-type=\"widget\" data-widget_type=\"heading.default\">\n\t\t\t\t<div class=\"elementor-widget-container\">\n\t\t\t\t\t<h2 class=\"elementor-heading-title elementor-size-default\">04<\/h2>\t\t\t\t<\/div>\n\t\t\t\t<\/div>\n\t\t\t\t\t<\/div>\n\t\t<\/div>\n\t\t\t\t<div class=\"elementor-column elementor-col-50 elementor-inner-column elementor-element elementor-element-f3d1c35\" data-id=\"f3d1c35\" data-element_type=\"column\" data-e-type=\"column\">\n\t\t\t<div class=\"elementor-widget-wrap elementor-element-populated\">\n\t\t\t\t\t\t<div class=\"elementor-element elementor-element-337c611 elementor-widget elementor-widget-heading\" data-id=\"337c611\" data-element_type=\"widget\" data-e-type=\"widget\" data-widget_type=\"heading.default\">\n\t\t\t\t<div class=\"elementor-widget-container\">\n\t\t\t\t\t<h3 class=\"elementor-heading-title elementor-size-default\">\nFenomeni migratori, diritto d\u2019asilo, cooperazione allo sviluppo<\/h3>\t\t\t\t<\/div>\n\t\t\t\t<\/div>\n\t\t\t\t\t<\/div>\n\t\t<\/div>\n\t\t\t\t\t<\/div>\n\t\t<\/section>\n\t\t\t\t<div class=\"elementor-element elementor-element-e918645 elementor-widget elementor-widget-text-editor\" data-id=\"e918645\" data-element_type=\"widget\" data-e-type=\"widget\" data-widget_type=\"text-editor.default\">\n\t\t\t\t<div class=\"elementor-widget-container\">\n\t\t\t\t\t\t\t\t\t<p>Come riportato da Amnesty International, nel 2020 oltre 80 milioni di persone sono state costrette a fuggire dalla propria casa a causa di una guerra, di una persecuzione o di una situazione di miseria insostenibile. Il 40% di loro erano minorenni. L\u201986% dei migranti e dei rifugiati ha trovato rifugio nei Paesi pi\u00f9 poveri nel Sud del mondo, dove sono spesso costretti a vivere in condizioni disastrose: senza servizi di base, prestazioni sociali e con una minima garanzia di protezione.  <\/p>\t\t\t\t\t\t\t\t<\/div>\n\t\t\t\t<\/div>\n\t\t\t\t<section class=\"elementor-section elementor-inner-section elementor-element elementor-element-79388b4 elementor-section-full_width elementor-section-height-default elementor-section-height-default\" data-id=\"79388b4\" data-element_type=\"section\" data-e-type=\"section\">\n\t\t\t\t\t\t<div class=\"elementor-container elementor-column-gap-default\">\n\t\t\t\t\t<div class=\"elementor-column elementor-col-50 elementor-inner-column elementor-element elementor-element-709b35c\" data-id=\"709b35c\" data-element_type=\"column\" data-e-type=\"column\">\n\t\t\t<div class=\"elementor-widget-wrap elementor-element-populated\">\n\t\t\t\t\t\t<div class=\"elementor-element elementor-element-d82fbfa elementor-widget elementor-widget-text-editor\" data-id=\"d82fbfa\" data-element_type=\"widget\" data-e-type=\"widget\" data-widget_type=\"text-editor.default\">\n\t\t\t\t<div class=\"elementor-widget-container\">\n\t\t\t\t\t\t\t\t\t<p class=\"p1\">L\u2019Europa ne ospita solo il 13%, pari a 12 milioni di persone, 4 dei quali vivono nei campi profughi ai confini della Turchia. La Convenzione di Ginevra dal 1951 sancisce il diritto a lasciare un Paese che perseguita e chiedere protezione in un altro Paese. Accogliere le persone in fuga dalle persecuzioni \u00e8 un obbligo internazionale. Ma l\u2019attuale politica di esternalizzazione delle frontiere ha ridimensionato notevolmente il diritto di asilo: ai confini tra Grecia e Turchia e nei Balcani, si stanno moltiplicando gli spazi di contenimento che dovrebbero servire ad impedire l\u2019attraversamento delle frontiere da parte dei richiedenti asilo.   <\/p>\t\t\t\t\t\t\t\t<\/div>\n\t\t\t\t<\/div>\n\t\t\t\t\t<\/div>\n\t\t<\/div>\n\t\t\t\t<div class=\"elementor-column elementor-col-50 elementor-inner-column elementor-element elementor-element-0d32fd4\" data-id=\"0d32fd4\" data-element_type=\"column\" data-e-type=\"column\">\n\t\t\t<div class=\"elementor-widget-wrap elementor-element-populated\">\n\t\t\t\t\t\t<div class=\"elementor-element elementor-element-dcc6c81 elementor-widget elementor-widget-text-editor\" data-id=\"dcc6c81\" data-element_type=\"widget\" data-e-type=\"widget\" data-widget_type=\"text-editor.default\">\n\t\t\t\t<div class=\"elementor-widget-container\">\n\t\t\t\t\t\t\t\t\t<p>Le Nazioni Unite, il Consiglio d\u2019Europa e la Commissione Europea hanno pi\u00f9 volte affermato che la Libia non pu\u00f2 in alcun modo essere considerata un Paese sicuro e dunque le persone che tentano di fuggire non possono essere rimandate in quel Paese. Come chiedono tante organizzazioni della societ\u00e0 civile, \u00e8 indispensabile la revisione degli accordi con il Governo libico relativi al finanziamento per il supporto nella gestione e controllo dei flussi migratori, come pure quelli con la Turchia che sta ricevendo da tempo dall\u2019UE svariati miliardi di euro come pacchetto di assistenza per i rifugiati dal Medio Oriente (soprattutto siriani) con risultati molto discutibili sotto il profilo umanitario. <\/p>\t\t\t\t\t\t\t\t<\/div>\n\t\t\t\t<\/div>\n\t\t\t\t\t<\/div>\n\t\t<\/div>\n\t\t\t\t\t<\/div>\n\t\t<\/section>\n\t\t\t\t<div class=\"elementor-element elementor-element-b73ce2c elementor-widget elementor-widget-text-editor\" data-id=\"b73ce2c\" data-element_type=\"widget\" data-e-type=\"widget\" data-widget_type=\"text-editor.default\">\n\t\t\t\t<div class=\"elementor-widget-container\">\n\t\t\t\t\t\t\t\t\t<p>Senza dimenticare le critiche alla Guardia costiera greca che, nel corso degli anni, \u00e8 stata accusata di varie irregolarit\u00e0 nelle sue operazioni di contrasto all\u2019immigrazione clandestina\u2026<\/p><p> E\u2019 urgente l\u2019 evacuazione dei centri di detenzione per migranti, garantendo loro la necessaria assistenza e protezione, e la <a href=\"https:\/\/www.thenationalherald.com\/289272\/human-rights-watch-wants-emergency-aid-for-refugees-in-greece\/\">riapertura dei canali umanitari verso tutti i paesi dell\u2019Unione europea, <\/a>sotto l\u2019egida della comunit\u00e0 internazionale.<\/p><p>La crisi migratoria ha evidenziato la necessit\u00e0 di riformare le norme europee in materia di asilo e di migrazione, in quanto i richiedenti asilo non sono trattati in modo uniforme in tutta l&#8217;UE e anche la percentuale di decisioni positive in materia di asilo varia notevolmente tra i diversi paesi (<a href=\"https:\/\/www.consilium.europa.eu\/it\/policies\/eu-migration-policy\/eu-asylum-reform\/\">www.consilium.europa.eu\/it\/policies\/eu-migration-policy\/eu-asylum-reform\/<\/a>). Ma la proposta di riforma del sistema europeo, conosciuta come <strong>Patto europeo per la migrazione e l\u2019asilo<\/strong> (<em>EU Pact on Migration and Asylum<\/em>), mostra gi\u00e0 parecchie criticit\u00e0, in particolare le nuove procedure di frontiera porteranno ad un aumento e una maggiore durata delle detenzioni, compresi i bambini; l\u2019obiettivo principale saranno i rimpatri, rinforzati con maggiori strumenti e minori garanzie con il rischio concreto di nuove scappatoie per ignorare gli obblighi in materia di diritti umani. <\/p>\t\t\t\t\t\t\t\t<\/div>\n\t\t\t\t<\/div>\n\t\t\t\t<div class=\"elementor-element elementor-element-8bb75fc elementor-widget elementor-widget-text-editor\" data-id=\"8bb75fc\" data-element_type=\"widget\" data-e-type=\"widget\" data-widget_type=\"text-editor.default\">\n\t\t\t\t<div class=\"elementor-widget-container\">\n\t\t\t\t\t\t\t\t\t<p>In merito alla <strong>cooperazione internazionale<\/strong>, va ricordato che essa si fonda sul principio di solidariet\u00e0, che non \u00e8 tanto una questione caritativa, quanto un vero e proprio dovere giuridico, e una scelta etica e politica per creare un mondo pi\u00f9 giusto, e quindi, pi\u00f9 pacifico e sicuro. Per essere efficace, la cooperazione deve fondarsi sulla reciprocit\u00e0 e, soprattutto, su un\u2019idea ben precisa di sviluppo, che dovr\u00e0 essere sostenibile, equo, duraturo, non limitato al puro interesse economico. Ci\u00f2 significa rimettere in discussione le modalit\u00e0 con cui viene portata avanti la cooperazione allo sviluppo e il commercio globale che finora non hanno modificato in alcun modo i rapporti tra Nord e Sud del mondo: il colonialismo economico-finanziario, l\u2019intreccio tra affarismi e corruzione politica locale, la disparit\u00e0 di opportunit\u00e0 economiche, il peso del cambiamento climatico sui paesi non industrializzati\u2026 L\u2019aiuto pubblico allo sviluppo (APS) ha lo scopo di lottare contro la povert\u00e0 nei Paesi di origine dei flussi migratori, e di promuovere lo sviluppo economico e sociale in quei paesi. Cosa serve? Maggiori risorse; il finanziamento di tanti piccoli programmi di sostegno allo sviluppo rurale e alle comunit\u00e0 locali, al posto di progetti concentrati su mega infrastrutture, accessibili solo a grandi societ\u00e0; rendere pienamente operativi, a livello nazionale, i meccanismi pratici in riferimento alla catena di responsabilit\u00e0 per il monitoraggio delle politiche attuate. Una doppia azione tuttavia e\u00b4 necessaria in tal senso. Il fenomeno delle migrazioni climatiche, infatti, sara\u00b4 sempre piu\u00b4 diffuso in quanto interi paesi sono destinati a scomparire nel giro di una generazione. Al fianco di progetti di cooperazione in loco, l\u00b4Europa dovrebbe davvero iniziare a porsi la questione dell\u00b4i<strong>ntegrazione<\/strong>, poiche\u00b4 ondate di milioni di persone raggiungeranno il vecchio continente (e non solo) a causa dell\u2019inabitabilit\u00e0 dei loro Paesi d\u00b4origine. In quanto potenza storica coloniale, l\u00b4Europa ha il dovere di implementare una politica di accoglienza di integrazione, invece di pensare a metodi di respingimento.         <\/p>\t\t\t\t\t\t\t\t<\/div>\n\t\t\t\t<\/div>\n\t\t\t\t\t<\/div>\n\t\t<\/div>\n\t\t\t\t\t<\/div>\n\t\t<\/section>\n\t\t\t\t<section class=\"elementor-section elementor-top-section elementor-element elementor-element-3aca576 elementor-hidden-desktop elementor-hidden-tablet elementor-hidden-mobile elementor-section-boxed elementor-section-height-default elementor-section-height-default elementor-invisible\" data-id=\"3aca576\" data-element_type=\"section\" data-e-type=\"section\" data-settings=\"{&quot;background_background&quot;:&quot;classic&quot;,&quot;animation&quot;:&quot;slideInUp&quot;,&quot;animation_mobile&quot;:&quot;slideInUp&quot;}\">\n\t\t\t\t\t\t<div class=\"elementor-container elementor-column-gap-no\">\n\t\t\t\t\t<div class=\"elementor-column elementor-col-100 elementor-top-column elementor-element elementor-element-775fa35\" data-id=\"775fa35\" data-element_type=\"column\" data-e-type=\"column\">\n\t\t\t<div class=\"elementor-widget-wrap elementor-element-populated\">\n\t\t\t\t\t\t<section class=\"elementor-section elementor-inner-section elementor-element elementor-element-0453d69 elementor-section-content-middle elementor-section-boxed elementor-section-height-default elementor-section-height-default\" data-id=\"0453d69\" data-element_type=\"section\" data-e-type=\"section\">\n\t\t\t\t\t\t<div class=\"elementor-container elementor-column-gap-default\">\n\t\t\t\t\t<div class=\"elementor-column elementor-col-50 elementor-inner-column elementor-element elementor-element-f2ec110\" data-id=\"f2ec110\" data-element_type=\"column\" data-e-type=\"column\">\n\t\t\t<div class=\"elementor-widget-wrap elementor-element-populated\">\n\t\t\t\t\t\t<div class=\"elementor-element elementor-element-614a5b2 elementor-widget elementor-widget-heading\" data-id=\"614a5b2\" data-element_type=\"widget\" data-e-type=\"widget\" data-widget_type=\"heading.default\">\n\t\t\t\t<div class=\"elementor-widget-container\">\n\t\t\t\t\t<h2 class=\"elementor-heading-title elementor-size-default\">05<\/h2>\t\t\t\t<\/div>\n\t\t\t\t<\/div>\n\t\t\t\t\t<\/div>\n\t\t<\/div>\n\t\t\t\t<div class=\"elementor-column elementor-col-50 elementor-inner-column elementor-element elementor-element-76b0cbc\" data-id=\"76b0cbc\" data-element_type=\"column\" data-e-type=\"column\">\n\t\t\t<div class=\"elementor-widget-wrap elementor-element-populated\">\n\t\t\t\t\t\t<div class=\"elementor-element elementor-element-75fdacc elementor-widget elementor-widget-heading\" data-id=\"75fdacc\" data-element_type=\"widget\" data-e-type=\"widget\" data-widget_type=\"heading.default\">\n\t\t\t\t<div class=\"elementor-widget-container\">\n\t\t\t\t\t<h3 class=\"elementor-heading-title elementor-size-default\">Pilastro sociale europeo: parit\u00e0 di genere, pari opportunit\u00e0, lavoro dignitoso<\/h3>\t\t\t\t<\/div>\n\t\t\t\t<\/div>\n\t\t\t\t\t<\/div>\n\t\t<\/div>\n\t\t\t\t\t<\/div>\n\t\t<\/section>\n\t\t\t\t<div class=\"elementor-element elementor-element-de3d81b elementor-widget elementor-widget-text-editor\" data-id=\"de3d81b\" data-element_type=\"widget\" data-e-type=\"widget\" data-widget_type=\"text-editor.default\">\n\t\t\t\t<div class=\"elementor-widget-container\">\n\t\t\t\t\t\t\t\t\t<p>Il 4 marzo 2021 la Commissione ha adottato il Piano d\u2019azione del pilastro europeo dei diritti, fondato su 3 target da conseguire entro il 2030 (<a href=\"https:\/\/op.europa.eu\/webpub\/empl\/european-pillar-of-social-rights\/it\/\">Scopri il piano d&#8217;azione europeo<\/a>):<\/p>\t\t\t\t\t\t\t\t<\/div>\n\t\t\t\t<\/div>\n\t\t\t\t<div class=\"elementor-element elementor-element-11e2bb0 elementor-widget elementor-widget-text-editor\" data-id=\"11e2bb0\" data-element_type=\"widget\" data-e-type=\"widget\" data-widget_type=\"text-editor.default\">\n\t\t\t\t<div class=\"elementor-widget-container\">\n\t\t\t\t\t\t\t\t\t<ul><li><em>Almeno il 78 % della popolazione di et\u00e0 compresa tra i 20 e i 64 anni dovrebbe avere un lavoro entro il 2030. Per raggiungere l\u2019obiettivo \u00e8 necessario: <\/em> dimezzare il divario di genere a livello occupazionale rispetto al 2019; aumentare l&#8217;offerta di servizi formali di educazione e cura della prima infanzia (ECEC), contribuendo in tal modo a una migliore conciliazione tra vita professionale e vita privata e favorendo una maggiore partecipazione delle donne al mercato del lavoro; ridurre il tasso di giovani che non hanno un lavoro n\u00e9 seguono un percorso scolastico o formativo (NEET) di et\u00e0 compresa tra i 15 e i 29 anni.<\/li><li><em>Almeno il 60 % di tutti gli adulti dovrebbe partecipare ogni anno ad attivit\u00e0 di formazione. <\/em>Per raggiungere l\u2019obiettivo \u00e8 necessario: accrescere le competenze digitali di base, ridurre l&#8217;abbandono scolastico precoce.<\/li><li><em>Il numero di persone a rischio di povert\u00e0 o di esclusione sociale dovrebbe essere ridotto di almeno 15 milioni entro il 2030 (di cui almeno 5 milioni dovrebbero essere bambini). <\/em><\/li><\/ul>\t\t\t\t\t\t\t\t<\/div>\n\t\t\t\t<\/div>\n\t\t\t\t<section class=\"elementor-section elementor-inner-section elementor-element elementor-element-a841720 elementor-section-full_width elementor-section-height-default elementor-section-height-default\" data-id=\"a841720\" data-element_type=\"section\" data-e-type=\"section\">\n\t\t\t\t\t\t<div class=\"elementor-container elementor-column-gap-default\">\n\t\t\t\t\t<div class=\"elementor-column elementor-col-50 elementor-inner-column elementor-element elementor-element-e095212\" data-id=\"e095212\" data-element_type=\"column\" data-e-type=\"column\">\n\t\t\t<div class=\"elementor-widget-wrap elementor-element-populated\">\n\t\t\t\t\t\t<div class=\"elementor-element elementor-element-6a85ee4 elementor-widget elementor-widget-text-editor\" data-id=\"6a85ee4\" data-element_type=\"widget\" data-e-type=\"widget\" data-widget_type=\"text-editor.default\">\n\t\t\t\t<div class=\"elementor-widget-container\">\n\t\t\t\t\t\t\t\t\t<p class=\"p1\">La Commissione lavora per la creazione di condizioni di parit\u00e0 a livello mondiale, in cui i vantaggi competitivi non vadano a scapito dei pi\u00f9 vulnerabili. Il Pilastro \u00e8, pertanto, uno strumento guida anche per le relazioni bilaterali con i partner esterni (vedi le recenti comunicazioni della Commissione sul multilateralismo e il commercio mondiale).  <span style=\"color: var( --e-global-color-text ); background-color: var( --e-global-color-secondary );\">Sollecitando l\u2019impegno degli Stati membri ad applicare gli standard dell\u2019Organizzazione Internazionale del Lavoro (ILO)<\/span><\/p>\t\t\t\t\t\t\t\t<\/div>\n\t\t\t\t<\/div>\n\t\t\t\t\t<\/div>\n\t\t<\/div>\n\t\t\t\t<div class=\"elementor-column elementor-col-50 elementor-inner-column elementor-element elementor-element-7d1019e\" data-id=\"7d1019e\" data-element_type=\"column\" data-e-type=\"column\">\n\t\t\t<div class=\"elementor-widget-wrap elementor-element-populated\">\n\t\t\t\t\t\t<div class=\"elementor-element elementor-element-0100aa2 elementor-widget elementor-widget-text-editor\" data-id=\"0100aa2\" data-element_type=\"widget\" data-e-type=\"widget\" data-widget_type=\"text-editor.default\">\n\t\t\t\t<div class=\"elementor-widget-container\">\n\t\t\t\t\t\t\t\t\t<p>su lavoro dignitoso e inclusione sociale e l\u2019attuazione dell\u2019Agenda 2030 nelle relazioni internazionali, la Commissione s\u2019impegna a promuovere il <strong>lavoro dignitoso in tutto il mondo<\/strong>, visto che, per numerosi paesi emergenti e in via di sviluppo, la globalizzazione e la crescita economica non si traducono necessariamente in un miglioramento delle condizioni sociali e del rispetto dei diritti umani, n\u00e9 in una riduzione della povert\u00e0 (<a href=\"https:\/\/eur-lex.europa.eu\/IT\/legal-content\/summary\/promoting-decent-work-for-all.html\">Link<\/a>)<\/p>\t\t\t\t\t\t\t\t<\/div>\n\t\t\t\t<\/div>\n\t\t\t\t\t<\/div>\n\t\t<\/div>\n\t\t\t\t\t<\/div>\n\t\t<\/section>\n\t\t\t\t<div class=\"elementor-element elementor-element-bd2faf8 elementor-widget elementor-widget-text-editor\" data-id=\"bd2faf8\" data-element_type=\"widget\" data-e-type=\"widget\" data-widget_type=\"text-editor.default\">\n\t\t\t\t<div class=\"elementor-widget-container\">\n\t\t\t\t\t\t\t\t\t<p>L\u2019approccio globale europeo riguarda le politiche esterne (rafforzare la libert\u00e0 sindacale, la contrattazione collettiva e la capacit\u00e0 dei sindacati; la salute e la sicurezza sul posto di lavoro; le amministrazioni responsabili per l&#8217;occupazione; l&#8217;integrazione del lavoro dignitoso negli strumenti di cooperazione per lo sviluppo; una politica di commercio esterno che contribuisca allo sviluppo sostenibile), la governance internazionale, la responsabilit\u00e0 sociale delle imprese.<\/p><p>Purtroppo, il rapporto \u201c<em>Prospettive occupazionali<\/em> e <em>sociali nel mondo. Il valore dei lavori essenziali <\/em>\u201d dell\u2019Organizzazione Internazionale del Lavoro sottolinea quanto le economie e le societ\u00e0 dipendano dai lavoratori essenziali e quanto questi siano sottovalutati. Le cattive condizioni di lavoro aggravano il turnover del personale e la carenza di manodopera, mettendo a rischio l\u2019erogazione dei servizi di base. Per costruire la resilienza capace di fronteggiare crisi economiche e sociali, \u00e8 necessario migliorare le condizioni di lavoro e investire maggiormente nei sistemi alimentari, nell\u2019assistenza sanitaria e in altri settori chiave. In tutto il mondo, il 29 % dei lavoratori essenziali \u00e8 non adeguatamente retribuito (si intende una retribuzione inferiore ai due terzi del salario orario mediano). In media, i lavoratori essenziali guadagnano il 26 % in meno rispetto agli altri lavoratori, in particolare nel settore alimentare. Questi settori impiegano un\u2019ampia quota di lavoratori migranti, soprattutto nei paesi ad alto reddito. Quasi un lavoratore essenziale su tre ha un contratto temporaneo, sebbene vi siano notevoli differenze tra paesi e settori. Oltre il 46% per cento dei lavoratori essenziali nei paesi a basso reddito ha orari di lavoro lunghi e quasi il 60% non beneficia di alcuna forma di protezione sociale. Il lavoro dignitoso \u00e8 un obiettivo per tutti i lavoratori, ma \u00e8 particolarmente critico per i lavoratori essenziali, che forniscono beni e servizi di vitale importanza sia nei momenti positivi che in quelli di crisi. La mancanza di investimenti, soprattutto nei sistemi sanitari e alimentari, contribuisce alle carenze del lavoro dignitoso e mina la giustizia sociale e la resilienza economica.          <\/p><p>Alla luce del sostanziale fallimento dell\u2019approccio tradizionale fondato su misure volontarie e di autoregolamentazione aziendale, vogliamo sottolineare l\u2019importanza della <strong>proposta di Direttiva sulla Due Diligence delle imprese in materia di sostenibilit\u00e0,<\/strong> adottata dalla Commissione europea a febbraio 2022, che prevede l&#8217;obbligo per le imprese di individuare i rischi e, se necessario, <strong>evitare, far cessare o attenuare gli effetti negativi delle loro attivit\u00e0 sui diritti umani, come il lavoro minorile e lo sfruttamento dei lavoratori, e sull&#8217;ambiente<\/strong>, ad esempio l&#8217;inquinamento e la perdita di biodiversit\u00e0. La proposta si applica alle operazioni delle societ\u00e0 stesse, alle loro controllate e alle loro catene del valore (rapporti commerciali diretti e indiretti consolidati). Alcune criticit\u00e0 della proposta: &#8211; ambito di applicazione limitato a aziende di grandi dimensioni e elevato fatturato (sappiamo che questi non possono costituire degli indicatori affidabili circa gli impatti negativi che un\u2019impresa pu\u00f2 originare sulla sua catena del valore, tant\u2019\u00e8 che tale limitazione \u00e8 assente tanto nei Principi Guida quanto nelle Linee Guida OCSE che si applicano, sia pure secondo criteri di proporzionalit\u00e0, a tutte le imprese); &#8211; con riguardo alle situazioni ad elevato rischio di violazioni dei diritti umani, assenza di riferimenti alle aree affette da conflitto; &#8211; l\u2019impiego della nozione di \u201crapporto d\u2019affari consolidato\u201d rischia di tagliare fuori dall\u2019ambito di applicazione gli impatti negativi derivanti da relazioni d\u2019affari non durature ma comunque caratterizzate da impatti gravi e severi sui diritti umani o l\u2019ambiente; &#8211; mancanza di un titolo giurisdizionale ad hoc per le azioni di risarcimento del danno delle vittime di violazioni dei diritti umani compiuti in Stati terzi da parte di imprese europee.  <\/p><p>La strategia dell&#8217;UE per la parit\u00e0 di genere 2020-2025 (<a href=\"https:\/\/commission.europa.eu\/strategy-and-policy\/policies\/justice-and-fundamental-rights\/gender-equality\/gender-equality-strategy_it\">commission.europa.eu\/strategy-and-policy\/policies\/justice-and-fundamental-rights\/gender-equality\/gender-equality-strategy_it<\/a>) intende compiere progressi significativi entro il 2025 <strong>verso un&#8217;Europa garante della parit\u00e0 di genere<\/strong>: <em>\u201c\u2026la meta \u00e8 un&#8217;Unione in cui le donne e gli uomini, le ragazze e i ragazzi, in tutta la loro diversit\u00e0, siano <strong>liberi<\/strong> di perseguire le loro scelte di vita, abbiano pari opportunit\u00e0 di <strong>realizzarsi<\/strong> e possano, in ugual misura, partecipare e <strong>guidare<\/strong> la nostra societ\u00e0 europea. Gli <strong>obiettivi principali<\/strong> sono porre fine alla violenza di genere; combattere gli stereotipi di genere; colmare il divario di genere nel mercato del lavoro; raggiungere la parit\u00e0 nella partecipazione ai diversi settori economici; far fronte al problema del divario retributivo e pensionistico fra uomini e donne; colmare il divario e conseguire l&#8217;equilibrio di genere nel processo decisionale e nella politica. La strategia persegue il duplice approccio dell&#8217;<strong>inserimento della dimensione di genere in tutte le politiche<\/strong>, combinato con interventi mirati, la cui attuazione si basa sul principio trasversale dell&#8217;<strong>intersettorialit\u00e0<\/strong>. Seppur incentrata su azioni condotte all&#8217;interno dell&#8217;UE, la strategia \u00e8 coerente con la politica estera dell&#8217;UE in materia di pari opportunit\u00e0 e di emancipazione femminile   <\/em>\u2026\u201d. Tra i primi risultati della strategia ci sono la proposta di <a href=\"https:\/\/commission.europa.eu\/strategy-and-policy\/policies\/justice-and-fundamental-rights\/gender-equality\/equal-pay\/eu-action-equal-pay_en\">misure vincolanti per la trasparenza retributiva<\/a>, <a href=\"https:\/\/commission.europa.eu\/document\/download\/28552314-3316-40b4-ae0f-17ff8ab9f43f_it\">una nuova proposta di direttiva per combattere la violenza contro le donne e la violenza domestica<\/a> attraverso norme minime mirate sui diritti delle vittime di questi reati, la <a href=\"https:\/\/ec.europa.eu\/info\/files\/directive-gender-balance-corporate-boards_en\">direttiva sull&#8217;equilibrio di genere nei consigli di amministrazione<\/a>, una <a href=\"https:\/\/europa.eu\/end-gender-stereotypes\">campagna per combattere gli stereotipi di genere<\/a>. <\/p><p>Tuttavia, la strada da percorrere \u00e8 ancora lunga. Secondo i dati di Openpolis (<a href=\"https:\/\/www.openpolis.it\/esercizi\/femminicidio\">www.openpolis.it\/esercizi\/femminicidio<\/a>), nel 2018 una donna europea ogni 100mila \u00e8 stata uccisa. I tassi di omicidi femminili pi\u00f9 elevati si rilevano in alcuni paesi dell&#8217;Europa orientale e meridionale, tra cui due delle repubbliche baltiche, Lettonia e Lituania. A Maggio 2023 il Parlamento europeo ha ratificato l&#8217;adesione dell&#8217;Ue alla Convenzione di Istanbul, il trattato internazionale del 2011 sulla prevenzione e la lotta contro la violenza nei confronti delle donne e la violenza domestica che stabilisce gli standard minimi per i governi europei per la prevenzione, protezione e condanna di quei reati.   <\/p><p>Fondamentale \u00e8 anche il riconoscimento del contributo che donne e giovani possono dare nei processi di costruzione della pace. La <strong>Risoluzione ONU \u201c<em>Donne, Pace e Sicurezza<\/em>\u201d (1325\/ 2000)<\/strong> \u00e8 la prima in assoluto che menziona esplicitamente l\u2019impatto della guerra sulle donne ed il contributo delle stesse nella risoluzione dei conflitti per una pace durevole. Quattro sono gli obiettivi che la UNSCR 1325 fissa: riconoscere il ruolo fondamentale delle donne nella prevenzione e risoluzione dei conflitti; prevedere una maggiore partecipazione nei processi di mantenimento della pace e della sicurezza nazionale; adottare una \u201cprospettiva di genere\u201d; formare il personale sui diritti delle donne. La Risoluzione del Consiglio di Sicurezza delle Nazioni Unite \u00ab<strong><em>Giovani, Pace e Sicurezza<\/em>\u00bb (2250\/2015)<\/strong> riconosce il ruolo dei giovani nel Peacebuilding.   <\/p>\t\t\t\t\t\t\t\t<\/div>\n\t\t\t\t<\/div>\n\t\t\t\t\t<\/div>\n\t\t<\/div>\n\t\t\t\t\t<\/div>\n\t\t<\/section>\n\t\t\t\t<section class=\"elementor-section elementor-top-section elementor-element elementor-element-a8e5007 elementor-hidden-desktop elementor-hidden-tablet elementor-hidden-mobile elementor-section-boxed elementor-section-height-default elementor-section-height-default elementor-invisible\" data-id=\"a8e5007\" data-element_type=\"section\" data-e-type=\"section\" data-settings=\"{&quot;background_background&quot;:&quot;classic&quot;,&quot;animation&quot;:&quot;slideInUp&quot;,&quot;animation_mobile&quot;:&quot;slideInUp&quot;}\">\n\t\t\t\t\t\t<div class=\"elementor-container elementor-column-gap-no\">\n\t\t\t\t\t<div class=\"elementor-column elementor-col-100 elementor-top-column elementor-element elementor-element-b11c0f4\" data-id=\"b11c0f4\" data-element_type=\"column\" data-e-type=\"column\">\n\t\t\t<div class=\"elementor-widget-wrap elementor-element-populated\">\n\t\t\t\t\t\t<section class=\"elementor-section elementor-inner-section elementor-element elementor-element-2ea47a6 elementor-section-content-middle elementor-section-boxed elementor-section-height-default elementor-section-height-default\" data-id=\"2ea47a6\" data-element_type=\"section\" data-e-type=\"section\">\n\t\t\t\t\t\t<div class=\"elementor-container elementor-column-gap-default\">\n\t\t\t\t\t<div class=\"elementor-column elementor-col-50 elementor-inner-column elementor-element elementor-element-0920cd2\" data-id=\"0920cd2\" data-element_type=\"column\" data-e-type=\"column\">\n\t\t\t<div class=\"elementor-widget-wrap elementor-element-populated\">\n\t\t\t\t\t\t<div class=\"elementor-element elementor-element-ee35539 elementor-widget elementor-widget-heading\" data-id=\"ee35539\" data-element_type=\"widget\" data-e-type=\"widget\" data-widget_type=\"heading.default\">\n\t\t\t\t<div class=\"elementor-widget-container\">\n\t\t\t\t\t<h2 class=\"elementor-heading-title elementor-size-default\">06<\/h2>\t\t\t\t<\/div>\n\t\t\t\t<\/div>\n\t\t\t\t\t<\/div>\n\t\t<\/div>\n\t\t\t\t<div class=\"elementor-column elementor-col-50 elementor-inner-column elementor-element elementor-element-de53847\" data-id=\"de53847\" data-element_type=\"column\" data-e-type=\"column\">\n\t\t\t<div class=\"elementor-widget-wrap elementor-element-populated\">\n\t\t\t\t\t\t<div class=\"elementor-element elementor-element-10ee184 elementor-widget elementor-widget-heading\" data-id=\"10ee184\" data-element_type=\"widget\" data-e-type=\"widget\" data-widget_type=\"heading.default\">\n\t\t\t\t<div class=\"elementor-widget-container\">\n\t\t\t\t\t<h3 class=\"elementor-heading-title elementor-size-default\">Scuola, formazione e futuro<\/h3>\t\t\t\t<\/div>\n\t\t\t\t<\/div>\n\t\t\t\t\t<\/div>\n\t\t<\/div>\n\t\t\t\t\t<\/div>\n\t\t<\/section>\n\t\t\t\t<div class=\"elementor-element elementor-element-b9bcdce elementor-widget elementor-widget-text-editor\" data-id=\"b9bcdce\" data-element_type=\"widget\" data-e-type=\"widget\" data-widget_type=\"text-editor.default\">\n\t\t\t\t<div class=\"elementor-widget-container\">\n\t\t\t\t\t\t\t\t\t<p>Gli Stati membri dell&#8217;Unione europea organizzano i loro sistemi di istruzione e formazione seguendo raccomandazioni europee comuni, ma non vincolanti in quanto il portfolio rimane di responsabilita\u00b4 primaria degli Stati Membri.<\/p>\t\t\t\t\t\t\t\t<\/div>\n\t\t\t\t<\/div>\n\t\t\t\t<section class=\"elementor-section elementor-inner-section elementor-element elementor-element-649af19 elementor-section-full_width elementor-section-height-default elementor-section-height-default\" data-id=\"649af19\" data-element_type=\"section\" data-e-type=\"section\">\n\t\t\t\t\t\t<div class=\"elementor-container elementor-column-gap-default\">\n\t\t\t\t\t<div class=\"elementor-column elementor-col-50 elementor-inner-column elementor-element elementor-element-d392e41\" data-id=\"d392e41\" data-element_type=\"column\" data-e-type=\"column\">\n\t\t\t<div class=\"elementor-widget-wrap elementor-element-populated\">\n\t\t\t\t\t\t<div class=\"elementor-element elementor-element-022a596 elementor-widget elementor-widget-text-editor\" data-id=\"022a596\" data-element_type=\"widget\" data-e-type=\"widget\" data-widget_type=\"text-editor.default\">\n\t\t\t\t<div class=\"elementor-widget-container\">\n\t\t\t\t\t\t\t\t\t<p class=\"p1\">Per realizzare lo spazio europeo dell&#8217;istruzione, \u00e8 stata definita una serie di temi prioritari, tra cui valorizzare a garantire uno sviluppo professionale di alta qualit\u00e0 a insegnanti, formatori, dirigenti scolastici; promuovere l\u2019istruzione legata alla sostenibilit\u00e0 e al digitale; rafforzare la collaborazione internazionale (<a href=\"https:\/\/education.ec.europa.eu\/it\/focus-topics\" target=\"_blank\" rel=\"noopener\">education.ec.europa.eu\/it\/focus-topics<\/a>). Per promuovere, inoltre, coesione sociale, cittadinanza attiva, equit\u00e0, si sostiene l&#8217;insegnamento e l&#8217;apprendimento delle lingue, incoraggiando la mobilit\u00e0 degli studenti, degli insegnanti e dei giovani e favorendo lo scambio di informazioni e di esperienze. Da tempo \u00e8 in corso, a livello europeo, una profonda discussione sul tema delle <strong>competenze<\/strong> che gli individui devono acquisire per garantirsi il <strong>pieno sviluppo, <\/strong>con Implicazioni a cascata che investono i temi della formazione, dell&#8217;istruzione e dell&#8217;<a href=\"https:\/\/asnor.it\/it-schede-859-orientamento\">orientamento al lavoro e al benessere sociale<\/a>.  <\/p>\t\t\t\t\t\t\t\t<\/div>\n\t\t\t\t<\/div>\n\t\t\t\t\t<\/div>\n\t\t<\/div>\n\t\t\t\t<div class=\"elementor-column elementor-col-50 elementor-inner-column elementor-element elementor-element-b41f04c\" data-id=\"b41f04c\" data-element_type=\"column\" data-e-type=\"column\">\n\t\t\t<div class=\"elementor-widget-wrap elementor-element-populated\">\n\t\t\t\t\t\t<div class=\"elementor-element elementor-element-7e58c59 elementor-widget elementor-widget-text-editor\" data-id=\"7e58c59\" data-element_type=\"widget\" data-e-type=\"widget\" data-widget_type=\"text-editor.default\">\n\t\t\t\t<div class=\"elementor-widget-container\">\n\t\t\t\t\t\t\t\t\t<p>Nella <a href=\"https:\/\/eur-lex.europa.eu\/legal-content\/IT\/TXT\/PDF\/?uri=CELEX:32018H0604(01)\"><em>Raccomandazione relativa alle competenze chiave per l&#8217;apprendimento permanente<\/em> <\/a>(con l\u2019 Allegato <em>Quadro di riferimento europeo<\/em>), approvata dal Parlamento Europeo il 22 maggio del 2018, si indicano <strong>8 competenze chiave europee<\/strong>, che gli Stati Membri sono chiamati a recepire. La Competenza viene definita come \u201c <em>un insieme di conoscenze, abilit\u00e0 e atteggiamenti\u201d, mentre le competenze chiave sono \u201cquelle di cui tutti hanno bisogno per la realizzazione e lo sviluppo personali, l&#8217;occupabilit\u00e0, l&#8217;inclusione sociale, uno stile di vita sostenibile, una vita fruttuosa in societ\u00e0 pacifiche, una gestione della vita attenta alla salute e la cittadinanza attiva. Esse si sviluppano in una prospettiva di apprendimento permanente, dalla prima infanzia a tutta la vita adulta, mediante l&#8217;apprendimento formale, non formale e informale in tutti i contesti, compresi la famiglia, la scuola, il luogo di lavoro, il vicinato e altre comunit\u00e0\u00bb.  <\/em><\/p>\t\t\t\t\t\t\t\t<\/div>\n\t\t\t\t<\/div>\n\t\t\t\t\t<\/div>\n\t\t<\/div>\n\t\t\t\t\t<\/div>\n\t\t<\/section>\n\t\t\t\t<div class=\"elementor-element elementor-element-69cdf74 elementor-widget elementor-widget-text-editor\" data-id=\"69cdf74\" data-element_type=\"widget\" data-e-type=\"widget\" data-widget_type=\"text-editor.default\">\n\t\t\t\t<div class=\"elementor-widget-container\">\n\t\t\t\t\t\t\t\t\t<p>Ecco le 8 competenze chiave<em>: <\/em>competenza alfabetica funzionale, competenza multilinguistica; competenza matematica e competenza di base in scienze e tecnologie; competenza digitale; competenza personale, sociale e capacit\u00e0 di imparare ad imparare; competenza sociale e civica in materia di cittadinanza; competenza imprenditoriale; competenza in materia di consapevolezza ed espressione culturali. Nella Raccomandazione, inoltre, vengono riassunte in un\u2019unica matrice le <strong>competenze trasversali<\/strong> (cio\u00e8 le <em>capacit\u00e0 che permettono al cittadino di agire consapevolmente in un contesto sociale profondamente complesso e di affrontare le sfide poste da modelli organizzativi sempre pi\u00f9 digitalizzati e interconnessi),<\/em> secondo quattro aree semantiche: <\/p>\t\t\t\t\t\t\t\t<\/div>\n\t\t\t\t<\/div>\n\t\t\t\t<div class=\"elementor-element elementor-element-aef5932 elementor-widget elementor-widget-text-editor\" data-id=\"aef5932\" data-element_type=\"widget\" data-e-type=\"widget\" data-widget_type=\"text-editor.default\">\n\t\t\t\t<div class=\"elementor-widget-container\">\n\t\t\t\t\t\t\t\t\t<ul><li>La <strong>competenza personale, sociale e capacit\u00e0 di imparare a imparare<\/strong> si riferisce alla capacit\u00e0 di gestire il proprio apprendimento, di condurre una vita sana dal punto di vista fisico e mentale, per creare le condizioni adatte a lavorare bene in gruppo, agire in situazioni di complessit\u00e0 e gestire le dinamiche interpersonali in un&#8217;ottica inclusiva e costruttiva.<\/li><li>La <strong>competenza in materia di cittadinanza<\/strong>, ovvero quelle capacit\u00e0 che consentono di partecipare alla vita civica grazie a una comprensione delle diverse strutture e regole che articolano la societ\u00e0, con una particolare attenzione verso il tema della sostenibilit\u00e0.<\/li><li>La <strong>competenza imprenditoriale<\/strong> consiste invece nella capacit\u00e0 di pensare, gestire e sviluppare progetti che apportano valore sociale, culturale o economico e che rappresentano quindi un&#8217;opportunit\u00e0 per il benessere della societ\u00e0.<\/li><li>La<strong> competenza in materia di consapevolezza ed espressione culturale<\/strong>, infine, implica la comprensione e il rispetto di idee e significati espressi e comunicati in maniera differente da contesti sociali diversi, attraverso varie forme culturali, creative e artistiche. Questo implica una comprensione del proprio ruolo all&#8217;interno della societ\u00e0 e un impegno ad esprimere il senso della proprio funzione. <\/li><\/ul>\t\t\t\t\t\t\t\t<\/div>\n\t\t\t\t<\/div>\n\t\t\t\t<div class=\"elementor-element elementor-element-1727d60 elementor-widget elementor-widget-text-editor\" data-id=\"1727d60\" data-element_type=\"widget\" data-e-type=\"widget\" data-widget_type=\"text-editor.default\">\n\t\t\t\t<div class=\"elementor-widget-container\">\n\t\t\t\t\t\t\t\t\t<p>Nel contesto del Consiglio Europeo del 9 febbraio 2023, i capi di Stato e di governo dell&#8217;UE hanno chiesto di intraprendere un&#8217;azione pi\u00f9 coraggiosa per sviluppare ulteriormente le competenze necessarie per le transizioni verde e digitale attraverso l&#8217;istruzione, la formazione, il miglioramento del livello delle competenze e la riqualificazione. La carenza di manodopera in settori considerati fondamentali per la transizione verde \u00e8 raddoppiata tra il 2015 e il 2021, mentre aumenta la domanda per le competenze tecniche della transizione verde. Secondo Eurydice, la rete europea che analizza e coordina il funzionamento dei sistemi scolastici nazionali, in Europa esistono   <strong>tre principali modelli organizzativi di istruzione primaria e secondaria<\/strong>:  <strong>a struttura unica<\/strong>, con un percorso comune di tipo generale per l\u2019intera durata dell\u2019 istruzione obbligatoria (in paesi scandinavi e buona parte di quelli balcanici, oltre a Danimarca, Estonia e Polonia); <strong>curricolo comune di base<\/strong>, con la distinzione tra istruzione primaria e istruzione secondaria inferiore avente lo stesso percorso comune di base di tipo generale (in buona parte dei paesi dell\u2019Europa occidentale e meridionale, tra cui Italia, Spagna, Francia, Irlanda, Romania, Grecia e Turchia); <strong>Istruzione secondaria inferiore differenziata<\/strong>, con percorsi distinti o tipologie specifiche (in Germania, Svizzera, Austria, parte del Belgio e Lituania). Cosa rende un sistema educativo migliore di un altro? La risposta \u00e8 affermativa se per scuola migliore intendiamo sostanzialmente <strong>equa e inclusiva<\/strong>. I dati a disposizione indicano che il divario tra studenti con rendimento elevato e scarso (indicatore di inclusione) e l\u2019impatto del contesto socioeconomico sui risultati degli studenti (indicatore di equit\u00e0) variano ampiamente in Europa, specialmente nell\u2019istruzione secondaria. Diversi fattori influiscono sull\u2019inclusivit\u00e0 e sull\u2019equit\u00e0 dei sistemi scolastici: la variet\u00e0 nella scelta delle scuole secondarie inferiori, ad esempio, pu\u00f2 incrementare le disuguaglianze e causare una segregazione educativa, soprattutto in presenza di criteri di ammissione; tra l\u2019altro, ci possono essere conseguenze negative anche in quei sistemi educativi che richiedono un precoce indirizzamento a particolari percorsi, in quanto viene rafforzato il legame tra il background socio economico e i risultati scolastici. A influenzare equit\u00e0 e inclusivit\u00e0 dei sistemi scolastici sono anche il tipo di finanziamento e il grado di autonomia delle scuole, o le bocciature. D\u2019altro canto, vi sono alcune pratiche che possono migliorare l\u2019equit\u00e0 del sistema scolastico, come ad esempio le misure a sostegno di persone svantaggiate (anche se, attualmente, solo un quarto dei sistemi educativi europei lo fa), e il supporto mirato alle scuole svantaggiate incoraggiando buoni insegnanti a lavorare in queste scuole. Anche l\u2019organizzazione del corpo docente costituisce un fattore decisivo: avere docenti specializzati\/e nell\u2019aiutare gli alunni in difficolt\u00e0, infatti, riduce la segregazione educativa. Tra i sistemi educativi europei pi\u00f9 virtuosi in termini di efficacia e inclusivit\u00e0 ci sono quelli di Irlanda, Estonia, Lettonia, Danimarca e Finlandia; paesi che, tranne l\u2019Irlanda, hanno un\u2019organizzazione a struttura unica che unifica elementari e medie in un unico ciclo. La scuola primaria italiana risulta tra le pi\u00f9 eque, ed \u00e8 in linea con altri paesi (es. Spagna, Lituania e Repubblica Ceca) quanto a inclusione, anche se la situazione peggiora nella scuola secondaria, secondo i dati PISA. Questa situazione si riflette sulle prospettive per il futuro: tra coloro che provengono da un contesto di origine svantaggiato ma hanno un alto rendimento, solo 6 su 10 si aspettano di conseguire un titolo oltre il diploma, con ripercussioni sulle aspettative di carriera e sugli <a href=\"https:\/\/www.lenius.it\/donne-e-matematica\/\">stereotipi di genere<\/a>. Ricevere un\u2019educazione equa, inclusiva e di qualit\u00e0 \u00e8 l\u2019occasione, per alcuni l\u2019unica e la pi\u00f9 importante, di affrancarsi da una situazione di partenza svantaggiata per povert\u00e0 economica, culturale, e perfino affettiva. Grazie alla scuola bambini e bambine senza risorse possono scoprire e coltivare punti di forza, passioni e attitudini, e sviluppare competenze di alto livello. E\u2019 necessario fare investimenti nella scuola partendo dai cicli primari (e anche nidi e scuole dell\u2019infanzia): ad esempio il Piano nazionale di ripresa e resilienza (PNRR) ha inserito voci di spesa solo per la scuola primaria e secondaria di primo grado, tra cui ad esempio l\u2019estensione del tempo pieno e delle mense, il potenziamento delle infrastrutture per lo sport a scuola e la riforma del sistema di orientamento. Investimenti importanti, ma ricordiamoci che le disuguaglianze si contrastano a partire dai primi cicli di scuola perch\u00e9 \u00e8 dalla base che si costruiscono i cicli futuri!              <\/p><p>Sono tanti i nodi da affrontare in termini di sistema scolastico: dalla definizione degli obiettivi generali, alla qualit\u00e0 del corpo docente, al fenomeno della dispersione scolastica.<\/p><p>La scuola dovrebbe servire per attivare il pensiero critico e la creativit\u00e0, per far scoprire i propri talenti e passioni, per aiutare a diventare (e pensarsi) persone libere di scegliere fra varie opportunit\u00e0, per educare al rispetto e al confronto. C\u2019\u00e8 bisogno di un sapere multidisciplinare, fondato sulla tradizione umanistico-scientifica che alleni il pensiero e accenda la passione per la ricerca; e anche multiculturale, aperto, dialogante, che dia gli strumenti per intraprendere la ricerca del senso della propria vita e del significato della realt\u00e0 aprendo gli occhi sul mondo. Serve un\u2019educazione alla bellezza, che \u00e8 l\u2019esperienza che pi\u00f9 coinvolge l\u2019essere umano nella sua interezza (dimensione sensibile, razionale e spirituale), che crea il nesso tra il corpo e la mente. Certamente non si pu\u00f2 ignorare il mondo del lavoro che oggi richiede l\u2019apprendimento delle nuove tecnologie, di concetti dell\u2019 economia, delle soft skills. Tuttavia, \u00e8 assurdo pensare di basare la scelta delle materie da insegnare a scuola sulle richieste delle grandi aziende, sia perch\u00e9 formare persone \u2013 specie in materie specialistiche \u2013 richiede anni mentre le esigenze del mercato cambiano rapidamente, sia perch\u00e9, in questo modo, si appiattisce sul presente la capacit\u00e0 e il desiderio delle nuove generazioni di immaginare il futuro. Lasciamo che la formazione specialistica e pi\u00f9 dinamica sia affidata alle aziende, con misure ed agevolazioni ad hoc, e concentriamoci invece su esigenze pi\u00f9 importanti, come un mercato del lavoro ben funzionante e contratti di lavoro dignitosi. Come evidenzia il rapporto dell\u2019Organizzazione Internazionale del Lavoro, \u201c<em>Tendenze mondiali dell\u2019occupazione giovanile 2022<\/em>\u201d, la pandemia ha moltiplicato le difficolt\u00e0 che i giovani (di et\u00e0 compresa tra i 15 e i 24 anni) affrontano nel mercato del lavoro. Dall&#8217;inizio del 2020, i giovani hanno subito una perdita occupazionale di gran lunga pi\u00f9 elevata rispetto agli adulti, con un aumento della percentuale di NEET, i giovani che non studiano, non frequentano corsi di formazione e non lavorano. Secondo le stime, il numero totale di giovani disoccupati a livello globale raggiunger\u00e0 i 73 milioni. Le giovani donne hanno pagato il prezzo pi\u00f9 alto, registrando un tasso di partecipazione alle forze lavoro ancora pi\u00f9 basso di quello delle loro controparti maschili. L\u2019andamento della disoccupazione giovanile \u00e8 inoltre differente nei paesi a basso e medio reddito e nei paesi a reddito elevato. Secondo il Rapporto, l\u2019adozione di misure di politica nell&#8217;ambito dell&#8217;economia verde, digitale e di cura creerebbe 139 milioni di posti di lavoro aggiuntivi per i lavoratori di tutte le et\u00e0, di cui 32 milioni sarebbero destinati ai giovani. Gli investimenti in questi settori devono essere accompagnati dalla promozione di condizioni di lavoro dignitose per i giovani. Ci\u00f2 include la garanzia dei diritti fondamentali del lavoro, tra cui la <strong>libert\u00e0 di associazione, il diritto alla contrattazione collettiva, la parit\u00e0 di retribuzione per un lavoro di egual valore e la libert\u00e0 dalla violenza e molestie nel mondo del lavoro. <\/strong>              <\/p><p>Tra le priorit\u00e0, c\u2019\u00e8 sicuramente il fenomeno della <strong>dispersione scolastica<\/strong>. In Italia, secondo i pi\u00f9 recenti dati Istat, 2021, circa 1 milione 382mila bambini vivono in povert\u00e0 assoluta e altri 2,2 milioni vivono in uno stato di povert\u00e0 relativa. La povert\u00e0 materiale si accompagna spesso ed \u00e8 preceduta dalla povert\u00e0 educativa che, solitamente, ricade dalle famiglie ricade sui figli. Nel PNRR \u00e8 previsto il capitolo \u201c<em>Azioni di prevenzione e contrasto della dispersione scolastica<\/em>\u201d che dovrebbe riguardare circa 3200 istituti scolastici su 4 linee di intervento: percorsi di mentoring e orientamento; percorsi per il potenziamento delle competenze di base; percorsi per il coinvolgimento delle famiglie; percorsi formativi e laboratoriali co-curricolari. I progetti possono essere realizzati con la promozione di attivit\u00e0 di co-progettazione e cooperazione fra la scuola e la comunit\u00e0 locale, valorizzando la sinergia con le risorse territoriali sia istituzionali che del volontariato e del terzo settore, per migliorare l\u2019inclusione e l\u2019accesso al diritto allo studio a tutti.    <\/p><p><span style=\"color: var( --e-global-color-text ); background-color: var( --e-global-color-6190688 );\">Per quanto riguarda gli <\/span><strong style=\"color: var( --e-global-color-text ); background-color: var( --e-global-color-6190688 );\">insegnanti<\/strong><span style=\"color: var( --e-global-color-text ); background-color: var( --e-global-color-6190688 );\">, si riconosce universalmente agli insegnanti il loro ruolo cruciale che si evolve con l\u2019insorgere di nuove esigenze, aspettative e responsabilit\u00e0, tuttavia dall\u2019altra si assiste anche, da tempo, a una crisi professionale piuttosto importante, che vede sistemi scolastici sempre pi\u00f9 in difficolt\u00e0 nel reclutare docenti motivati e competenti. Nella maggioranza dei paesi europei, la professione docente attrae, infatti, sempre meno giovani e ne perde altri gi\u00e0 formati per diventare insegnanti. Lo studio comparativo a livello europeo di Eurydice, \u201c  <\/span><em style=\"color: var( --e-global-color-text ); background-color: var( --e-global-color-6190688 );\">Teachers in Europe: Careers, Development and Well-being<\/em><span style=\"color: var( --e-global-color-text ); background-color: var( --e-global-color-6190688 );\">\u201d, che ha come focus gli insegnanti della scuola secondaria inferiore, ha individuato le aree chiave a cui rivolgere l\u2019attenzione da parte della politica: crisi vocazionale e politiche legate all\u2019attrattivit\u00e0 della professione, formazione iniziale, sviluppo professionale continuo, condizioni di servizio, criteri di valutazione, prospettive di carriera e benessere.<\/span><\/p>\t\t\t\t\t\t\t\t<\/div>\n\t\t\t\t<\/div>\n\t\t\t\t\t<\/div>\n\t\t<\/div>\n\t\t\t\t\t<\/div>\n\t\t<\/section>\n\t\t\t\t<section class=\"elementor-section elementor-top-section elementor-element elementor-element-4bb0947 elementor-hidden-desktop elementor-hidden-tablet elementor-hidden-mobile elementor-section-boxed elementor-section-height-default elementor-section-height-default elementor-invisible\" data-id=\"4bb0947\" data-element_type=\"section\" data-e-type=\"section\" data-settings=\"{&quot;background_background&quot;:&quot;classic&quot;,&quot;animation&quot;:&quot;slideInUp&quot;,&quot;animation_mobile&quot;:&quot;slideInUp&quot;}\">\n\t\t\t\t\t\t<div class=\"elementor-container elementor-column-gap-no\">\n\t\t\t\t\t<div class=\"elementor-column elementor-col-100 elementor-top-column elementor-element elementor-element-c90e361\" data-id=\"c90e361\" data-element_type=\"column\" data-e-type=\"column\">\n\t\t\t<div class=\"elementor-widget-wrap elementor-element-populated\">\n\t\t\t\t\t\t<section class=\"elementor-section elementor-inner-section elementor-element elementor-element-3ad7237 elementor-section-content-middle elementor-section-boxed elementor-section-height-default elementor-section-height-default\" data-id=\"3ad7237\" data-element_type=\"section\" data-e-type=\"section\">\n\t\t\t\t\t\t<div class=\"elementor-container elementor-column-gap-default\">\n\t\t\t\t\t<div class=\"elementor-column elementor-col-50 elementor-inner-column elementor-element elementor-element-1276fdc\" data-id=\"1276fdc\" data-element_type=\"column\" data-e-type=\"column\">\n\t\t\t<div class=\"elementor-widget-wrap elementor-element-populated\">\n\t\t\t\t\t\t<div class=\"elementor-element elementor-element-e04efd9 elementor-widget elementor-widget-heading\" data-id=\"e04efd9\" data-element_type=\"widget\" data-e-type=\"widget\" data-widget_type=\"heading.default\">\n\t\t\t\t<div class=\"elementor-widget-container\">\n\t\t\t\t\t<h2 class=\"elementor-heading-title elementor-size-default\">07<\/h2>\t\t\t\t<\/div>\n\t\t\t\t<\/div>\n\t\t\t\t\t<\/div>\n\t\t<\/div>\n\t\t\t\t<div class=\"elementor-column elementor-col-50 elementor-inner-column elementor-element elementor-element-58481d5\" data-id=\"58481d5\" data-element_type=\"column\" data-e-type=\"column\">\n\t\t\t<div class=\"elementor-widget-wrap elementor-element-populated\">\n\t\t\t\t\t\t<div class=\"elementor-element elementor-element-a11a983 elementor-widget elementor-widget-heading\" data-id=\"a11a983\" data-element_type=\"widget\" data-e-type=\"widget\" data-widget_type=\"heading.default\">\n\t\t\t\t<div class=\"elementor-widget-container\">\n\t\t\t\t\t<h3 class=\"elementor-heading-title elementor-size-default\">I luoghi per le iniziative di cittadinanza<\/h3>\t\t\t\t<\/div>\n\t\t\t\t<\/div>\n\t\t\t\t\t<\/div>\n\t\t<\/div>\n\t\t\t\t\t<\/div>\n\t\t<\/section>\n\t\t\t\t<div class=\"elementor-element elementor-element-15d893d elementor-widget elementor-widget-text-editor\" data-id=\"15d893d\" data-element_type=\"widget\" data-e-type=\"widget\" data-widget_type=\"text-editor.default\">\n\t\t\t\t<div class=\"elementor-widget-container\">\n\t\t\t\t\t\t\t\t\t<p>Tra le priorit\u00e0 della strategia europea Green Deal va menzionato l\u2019obiettivo 6, \u201c<em>Un nuovo slancio per la democrazia europea<\/em>\u201d: \u00ab\u2026<em>i cittadini europei hanno bisogno di un ruolo pi\u00f9 incisivo nel processo decisionale e di un ruolo pi\u00f9 attivo nella definizione delle nostre priorit\u00e0<\/em>\u2026\u00bb. La Commissione europea dichiara che \u201c..<em>le democrazie hanno bisogno di essere rielaborate e rinnovate ogni giorno, e per questo i cittadini devono avere la possibilit\u00e0 di esprimersi<\/em>\u201d. <\/p>\t\t\t\t\t\t\t\t<\/div>\n\t\t\t\t<\/div>\n\t\t\t\t<section class=\"elementor-section elementor-inner-section elementor-element elementor-element-cefbaef elementor-section-full_width elementor-section-height-default elementor-section-height-default\" data-id=\"cefbaef\" data-element_type=\"section\" data-e-type=\"section\">\n\t\t\t\t\t\t<div class=\"elementor-container elementor-column-gap-default\">\n\t\t\t\t\t<div class=\"elementor-column elementor-col-50 elementor-inner-column elementor-element elementor-element-3f1793c\" data-id=\"3f1793c\" data-element_type=\"column\" data-e-type=\"column\">\n\t\t\t<div class=\"elementor-widget-wrap elementor-element-populated\">\n\t\t\t\t\t\t<div class=\"elementor-element elementor-element-8e377af elementor-widget elementor-widget-text-editor\" data-id=\"8e377af\" data-element_type=\"widget\" data-e-type=\"widget\" data-widget_type=\"text-editor.default\">\n\t\t\t\t<div class=\"elementor-widget-container\">\n\t\t\t\t\t\t\t\t\t<p>Sul sito della Commissione Europea esiste un\u2019area interamente dedicata alla <strong>partecipazione dei cittadini<\/strong> intitolata \u201c<em>Contribuire al processo legislativo<\/em>\u201d, che prevede due strade per partecipare: la prima riguarda la definizione delle politiche o il loro miglioramento; la seconda invece offre la possibilit\u00e0 di suggerire miglioramenti e semplificazioni in generale anche su leggi e direttive gi\u00e0 in essere con lo scopo di ridurre gli oneri che queste possono comportare. Le associazioni, le organizzazioni e coloro che agiscono per influire sui processi decisionali della Commissione a livello professionale devono preventivamente registrarsi sul \u201cRegistro per la Trasparenza\u201d per poter poi inviare i loro commenti (<a href=\"https:\/\/commission.europa.eu\/law\/contribute-law-making_it\">commission.europa.eu\/law\/contribute-law-making_it<\/a>). <\/p>\t\t\t\t\t\t\t\t<\/div>\n\t\t\t\t<\/div>\n\t\t\t\t\t<\/div>\n\t\t<\/div>\n\t\t\t\t<div class=\"elementor-column elementor-col-50 elementor-inner-column elementor-element elementor-element-632b83a\" data-id=\"632b83a\" data-element_type=\"column\" data-e-type=\"column\">\n\t\t\t<div class=\"elementor-widget-wrap elementor-element-populated\">\n\t\t\t\t\t\t<div class=\"elementor-element elementor-element-194301e elementor-widget elementor-widget-text-editor\" data-id=\"194301e\" data-element_type=\"widget\" data-e-type=\"widget\" data-widget_type=\"text-editor.default\">\n\t\t\t\t<div class=\"elementor-widget-container\">\n\t\t\t\t\t\t\t\t\t<p>Esiste poi <strong>l\u2019iniziativa dei cittadini europei (ICE)<\/strong>, una delle principali innovazioni della democrazia partecipativa a livello dell\u2019UE negli ultimi anni, che consente a un gruppo di cittadini europei di porre una questione all\u2019ordine del giorno legislativo dell\u2019UE. Perch\u00e9 un&#8217;iniziativa possa essere esaminata dalla Commissione occorre raccogliere 1 milione di firme in tutta l&#8217;Unione europea (<a href=\"https:\/\/commission.europa.eu\/about-european-commission\/get-involved\/european-citizens-initiative_it\" target=\"_blank\" rel=\"noopener\">commission.europa.eu\/about-european-commission\/get-involved\/european-citizens-initiative_it<\/a>) <\/p><p>La <strong>Rete europea dei difensori civici<\/strong> \u00e8 un altro esempio di democrazia partecipativa, destinata ai difensori civici e agli organi analoghi affinch\u00e9 si scambino informazioni sul diritto e sulla politica dell\u2019Unione e condividano le migliori pratiche.<\/p>\t\t\t\t\t\t\t\t<\/div>\n\t\t\t\t<\/div>\n\t\t\t\t\t<\/div>\n\t\t<\/div>\n\t\t\t\t\t<\/div>\n\t\t<\/section>\n\t\t\t\t<div class=\"elementor-element elementor-element-0db7fce elementor-widget elementor-widget-text-editor\" data-id=\"0db7fce\" data-element_type=\"widget\" data-e-type=\"widget\" data-widget_type=\"text-editor.default\">\n\t\t\t\t<div class=\"elementor-widget-container\">\n\t\t\t\t\t\t\t\t\t<p>Tra gli esperimenti di democrazia deliberativa, che possono integrare i sistemi rappresentativi sempre pi\u00f9 in crisi, segnaliamo il <strong>bilancio partecipativo<\/strong>: ad es. <strong>l\u2019International budget partnership<\/strong>, una rete della societ\u00e0 civile che coinvolge oltre 150 Paesi (per l\u2019Italia partecipa la campagna Sbilanciamoci) e sviluppa periodicamente i cosiddetti \u201cCitizens budgets\u201d per coinvolgere le comunit\u00e0 nella formazione delle leggi finanziarie. Interessante \u00e8 anche il <strong>Dibattito pubblico<\/strong>, introdotto in Italia nel 2018 in riferimento alle grandi opere infrastrutturali. L\u2019uso dello strumento \u00e8 stato poi ampliato ed \u00e8 stato utilizzato, per esempio, per discutere lo studio di fattibilit\u00e0 tecnica ed economica relativa al nuovo stadio di Milano.  <\/p><p>Benvenga, poi, l\u2019azione di rigenerazione e attivazione di <strong>spazi informali<\/strong> dedicata alla cultura e alla creativit\u00e0, che possano rispondere con modalit\u00e0 nuove ai bisogni culturali delle comunit\u00e0 locali, svolgendo al tempo stesso un\u2019importante funzione di catalizzatori di relazioni, diventando importanti luoghi di ritrovo e di scambio di idee.<\/p><p>\u201c\u2026<em>La democrazia partecipativa non pu\u00f2 essere un processo dall\u2019alto verso il basso. L\u2019attuale approccio spesso comporta che politici e istituzioni democratiche cerchino di controllare e centralizzare la partecipazione dei cittadini e di definire le modalit\u00e0 della democrazia partecipativa. Nell\u2019attuale clima di disincanto nei confronti dei politici e delle istituzioni pubbliche, questo approccio non pu\u00f2 funzionare\u2026Quando i cittadini si mobilitano e cercano di impegnarsi nel processo democratico, le istituzioni democratiche devono trovare il modo di rispondere..\u201d <\/em>(<a href=\"https:\/\/www.ombudsman.europa.eu\/webpub\/eno-newsletter\/2019\/1\/it\/chapter1.html#chapter1_1\">www.ombudsman.europa.eu\/webpub\/eno-newsletter\/2019\/1\/it\/chapter1.html#chapter1_1<\/a>)<\/p>\t\t\t\t\t\t\t\t<\/div>\n\t\t\t\t<\/div>\n\t\t\t\t\t<\/div>\n\t\t<\/div>\n\t\t\t\t\t<\/div>\n\t\t<\/section>\n\t\t\t\t<section class=\"elementor-section elementor-top-section elementor-element elementor-element-75dded4 elementor-hidden-desktop elementor-hidden-tablet elementor-hidden-mobile elementor-section-boxed elementor-section-height-default elementor-section-height-default elementor-invisible\" data-id=\"75dded4\" data-element_type=\"section\" data-e-type=\"section\" data-settings=\"{&quot;background_background&quot;:&quot;classic&quot;,&quot;animation&quot;:&quot;slideInUp&quot;,&quot;animation_mobile&quot;:&quot;slideInUp&quot;}\">\n\t\t\t\t\t\t<div class=\"elementor-container elementor-column-gap-no\">\n\t\t\t\t\t<div class=\"elementor-column elementor-col-100 elementor-top-column elementor-element elementor-element-e302f0c\" data-id=\"e302f0c\" data-element_type=\"column\" data-e-type=\"column\">\n\t\t\t<div class=\"elementor-widget-wrap elementor-element-populated\">\n\t\t\t\t\t\t<section class=\"elementor-section elementor-inner-section elementor-element elementor-element-05792d2 elementor-section-content-middle elementor-section-boxed elementor-section-height-default elementor-section-height-default\" data-id=\"05792d2\" data-element_type=\"section\" data-e-type=\"section\">\n\t\t\t\t\t\t<div class=\"elementor-container elementor-column-gap-default\">\n\t\t\t\t\t<div class=\"elementor-column elementor-col-50 elementor-inner-column elementor-element elementor-element-39e697b\" data-id=\"39e697b\" data-element_type=\"column\" data-e-type=\"column\">\n\t\t\t<div class=\"elementor-widget-wrap elementor-element-populated\">\n\t\t\t\t\t\t<div class=\"elementor-element elementor-element-5be442c elementor-widget elementor-widget-heading\" data-id=\"5be442c\" data-element_type=\"widget\" data-e-type=\"widget\" data-widget_type=\"heading.default\">\n\t\t\t\t<div class=\"elementor-widget-container\">\n\t\t\t\t\t<h2 class=\"elementor-heading-title elementor-size-default\">08<\/h2>\t\t\t\t<\/div>\n\t\t\t\t<\/div>\n\t\t\t\t\t<\/div>\n\t\t<\/div>\n\t\t\t\t<div class=\"elementor-column elementor-col-50 elementor-inner-column elementor-element elementor-element-0a8c6ad\" data-id=\"0a8c6ad\" data-element_type=\"column\" data-e-type=\"column\">\n\t\t\t<div class=\"elementor-widget-wrap elementor-element-populated\">\n\t\t\t\t\t\t<div class=\"elementor-element elementor-element-d1d64f0 elementor-widget elementor-widget-heading\" data-id=\"d1d64f0\" data-element_type=\"widget\" data-e-type=\"widget\" data-widget_type=\"heading.default\">\n\t\t\t\t<div class=\"elementor-widget-container\">\n\t\t\t\t\t<h3 class=\"elementor-heading-title elementor-size-default\">Un\u2019 \u201cidea\u201d di Italia<\/h3>\t\t\t\t<\/div>\n\t\t\t\t<\/div>\n\t\t\t\t\t<\/div>\n\t\t<\/div>\n\t\t\t\t\t<\/div>\n\t\t<\/section>\n\t\t\t\t<div class=\"elementor-element elementor-element-a66452f elementor-widget elementor-widget-text-editor\" data-id=\"a66452f\" data-element_type=\"widget\" data-e-type=\"widget\" data-widget_type=\"text-editor.default\">\n\t\t\t\t<div class=\"elementor-widget-container\">\n\t\t\t\t\t\t\t\t\t<p>Sono tantissimi i temi che ci interessano. Tra questi: <\/p><ul><li>La situazione del mercato del lavoro, sempre pi\u00f9 drammatica, con un forte disallineamento tra domanda e offerta che richiede un\u2019urgente riforma dei centri pubblici per l\u2019impiego e con un livello retributivo medio non competitivo (l\u2019Italia risulta l\u2019unico paese con salari stagnanti rispetto alla media UE);<\/li><li>Numerose le priorit\u00e0 ambientali, dalla politica energetica improntata sulle rinnovabili (ruolo dell\u2019Italia nell\u2019hub energetico del Mediterraneo), al dissesto idrogeologico, dai siti inquinati all\u2019 economia circolare, fino alle infrastrutture sostenibili;<\/li><li>legalit\u00e0 e contrasto alle mafie;<\/li><li>persone migranti, rifugiati, richiedenti asilo e politiche per l\u2019accoglienza;<\/li><li>violenza sulle donne: in base al secondo Rapporto delle organizzazioni di donne sull\u2019attuazione della Convenzione di Istanbul in Italia, il nostro paese \u00e8 ancora lontano dalla piena e corretta applicazione. Tra le principali criticit\u00e0: la sostanziale inattuazione del Piano strategico nazionale sulla violenza maschile contro le donne 2021-2023, adottato il 17 novembre 2021; l\u2019esclusione di azioni di prevenzione e lotta alla violenza sulle donne dalle strategie nazionali per la Parit\u00e0 di Genere 2021-2026 e dal Piano Nazionale di Ripresa e Resilienza (PNRR); la violenza su donne portatrici di disabilit\u00e0; la situazione delle donne migranti, richiedenti asilo e rifugiate; <\/li><li>ruolo dei servizi sociali nel contrasto alla povert\u00e0 e marginalit\u00e0.<\/li><\/ul>\t\t\t\t\t\t\t\t<\/div>\n\t\t\t\t<\/div>\n\t\t\t\t\t<\/div>\n\t\t<\/div>\n\t\t\t\t\t<\/div>\n\t\t<\/section>\n\t\t\t\t<\/div>\n\t\t","protected":false},"excerpt":{"rendered":"<p>Our EU Secondo la nostra visione di convivenza globale ispirata alla cooperazione multilaterale tra i popoli e la co-responsabilit\u00e0 di ciascuno per il destino di tutti, al di l\u00e0 della logica degli Stati &#8211; potenze che possono decidere le sorti del mondo, il progetto politico di Unione europea dovrebbe rafforzarsi e portare ad intenti comuni [&hellip;]<\/p>\n","protected":false},"author":2,"featured_media":0,"parent":0,"menu_order":0,"comment_status":"closed","ping_status":"closed","template":"","meta":{"footnotes":""},"class_list":["post-3045","page","type-page","status-publish","hentry"],"yoast_head":"<!-- This site is optimized with the Yoast SEO plugin v28.4 - https:\/\/yoast.com\/product\/yoast-seo-wordpress\/ -->\n<title>OUR EU - Attivanza<\/title>\n<meta name=\"robots\" content=\"index, follow, max-snippet:-1, max-image-preview:large, max-video-preview:-1\" \/>\n<link rel=\"canonical\" href=\"https:\/\/attivanza.org\/en\/our-eu\/\" \/>\n<meta property=\"og:locale\" content=\"en_US\" \/>\n<meta property=\"og:type\" content=\"article\" \/>\n<meta property=\"og:title\" content=\"OUR EU - Attivanza\" \/>\n<meta property=\"og:description\" content=\"Our EU Secondo la nostra visione di convivenza globale ispirata alla cooperazione multilaterale tra i popoli e la co-responsabilit\u00e0 di ciascuno per il destino di tutti, al di l\u00e0 della logica degli Stati &#8211; potenze che possono decidere le sorti del mondo, il progetto politico di Unione europea dovrebbe rafforzarsi e portare ad intenti comuni [&hellip;]\" \/>\n<meta property=\"og:url\" content=\"https:\/\/attivanza.org\/en\/our-eu\/\" \/>\n<meta property=\"og:site_name\" content=\"Attivanza\" \/>\n<meta property=\"article:modified_time\" content=\"2026-06-24T18:03:27+00:00\" \/>\n<meta property=\"og:image\" content=\"https:\/\/attivanza.org\/wp-content\/uploads\/2026\/05\/attivanza-europa.webp\" \/>\n\t<meta property=\"og:image:width\" content=\"1001\" \/>\n\t<meta property=\"og:image:height\" content=\"640\" \/>\n\t<meta property=\"og:image:type\" content=\"image\/webp\" \/>\n<meta name=\"twitter:card\" content=\"summary_large_image\" \/>\n<meta name=\"twitter:label1\" content=\"Est. reading time\" \/>\n\t<meta name=\"twitter:data1\" content=\"41 minutes\" \/>\n<script type=\"application\/ld+json\" class=\"yoast-schema-graph\">{\"@context\":\"https:\\\/\\\/schema.org\",\"@graph\":[{\"@type\":\"WebPage\",\"@id\":\"https:\\\/\\\/attivanza.org\\\/en\\\/our-eu\\\/\",\"url\":\"https:\\\/\\\/attivanza.org\\\/en\\\/our-eu\\\/\",\"name\":\"OUR EU - Attivanza\",\"isPartOf\":{\"@id\":\"https:\\\/\\\/attivanza.org\\\/#website\"},\"primaryImageOfPage\":{\"@id\":\"https:\\\/\\\/attivanza.org\\\/en\\\/our-eu\\\/#primaryimage\"},\"image\":{\"@id\":\"https:\\\/\\\/attivanza.org\\\/en\\\/our-eu\\\/#primaryimage\"},\"thumbnailUrl\":\"https:\\\/\\\/attivanza.org\\\/wp-content\\\/uploads\\\/2026\\\/05\\\/attivanza-europa.webp\",\"datePublished\":\"2023-06-17T14:27:20+00:00\",\"dateModified\":\"2026-06-24T18:03:27+00:00\",\"breadcrumb\":{\"@id\":\"https:\\\/\\\/attivanza.org\\\/en\\\/our-eu\\\/#breadcrumb\"},\"inLanguage\":\"en-US\",\"potentialAction\":[{\"@type\":\"ReadAction\",\"target\":[\"https:\\\/\\\/attivanza.org\\\/en\\\/our-eu\\\/\"]}]},{\"@type\":\"ImageObject\",\"inLanguage\":\"en-US\",\"@id\":\"https:\\\/\\\/attivanza.org\\\/en\\\/our-eu\\\/#primaryimage\",\"url\":\"https:\\\/\\\/attivanza.org\\\/wp-content\\\/uploads\\\/2026\\\/05\\\/attivanza-europa.webp\",\"contentUrl\":\"https:\\\/\\\/attivanza.org\\\/wp-content\\\/uploads\\\/2026\\\/05\\\/attivanza-europa.webp\"},{\"@type\":\"BreadcrumbList\",\"@id\":\"https:\\\/\\\/attivanza.org\\\/en\\\/our-eu\\\/#breadcrumb\",\"itemListElement\":[{\"@type\":\"ListItem\",\"position\":1,\"name\":\"Home\",\"item\":\"https:\\\/\\\/attivanza.org\\\/en\\\/\"},{\"@type\":\"ListItem\",\"position\":2,\"name\":\"OUR EU\"}]},{\"@type\":\"WebSite\",\"@id\":\"https:\\\/\\\/attivanza.org\\\/#website\",\"url\":\"https:\\\/\\\/attivanza.org\\\/\",\"name\":\"Attivanza\",\"description\":\"Coltiviamo la democrazia\",\"publisher\":{\"@id\":\"https:\\\/\\\/attivanza.org\\\/#organization\"},\"potentialAction\":[{\"@type\":\"SearchAction\",\"target\":{\"@type\":\"EntryPoint\",\"urlTemplate\":\"https:\\\/\\\/attivanza.org\\\/?s={search_term_string}\"},\"query-input\":{\"@type\":\"PropertyValueSpecification\",\"valueRequired\":true,\"valueName\":\"search_term_string\"}}],\"inLanguage\":\"en-US\"},{\"@type\":\"Organization\",\"@id\":\"https:\\\/\\\/attivanza.org\\\/#organization\",\"name\":\"Attivanza\",\"url\":\"https:\\\/\\\/attivanza.org\\\/\",\"logo\":{\"@type\":\"ImageObject\",\"inLanguage\":\"en-US\",\"@id\":\"https:\\\/\\\/attivanza.org\\\/#\\\/schema\\\/logo\\\/image\\\/\",\"url\":\"https:\\\/\\\/attivanza.org\\\/wp-content\\\/uploads\\\/2023\\\/05\\\/cropped-Attivanza-Logo.png\",\"contentUrl\":\"https:\\\/\\\/attivanza.org\\\/wp-content\\\/uploads\\\/2023\\\/05\\\/cropped-Attivanza-Logo.png\",\"width\":808,\"height\":197,\"caption\":\"Attivanza\"},\"image\":{\"@id\":\"https:\\\/\\\/attivanza.org\\\/#\\\/schema\\\/logo\\\/image\\\/\"}}]}<\/script>\n<!-- \/ Yoast SEO plugin. -->","yoast_head_json":{"title":"OUR EU - Attivanza","robots":{"index":"index","follow":"follow","max-snippet":"max-snippet:-1","max-image-preview":"max-image-preview:large","max-video-preview":"max-video-preview:-1"},"canonical":"https:\/\/attivanza.org\/en\/our-eu\/","og_locale":"en_US","og_type":"article","og_title":"OUR EU - Attivanza","og_description":"Our EU Secondo la nostra visione di convivenza globale ispirata alla cooperazione multilaterale tra i popoli e la co-responsabilit\u00e0 di ciascuno per il destino di tutti, al di l\u00e0 della logica degli Stati &#8211; potenze che possono decidere le sorti del mondo, il progetto politico di Unione europea dovrebbe rafforzarsi e portare ad intenti comuni [&hellip;]","og_url":"https:\/\/attivanza.org\/en\/our-eu\/","og_site_name":"Attivanza","article_modified_time":"2026-06-24T18:03:27+00:00","og_image":[{"width":1001,"height":640,"url":"https:\/\/attivanza.org\/wp-content\/uploads\/2026\/05\/attivanza-europa.webp","type":"image\/webp"}],"twitter_card":"summary_large_image","twitter_misc":{"Est. reading time":"41 minutes"},"schema":{"@context":"https:\/\/schema.org","@graph":[{"@type":"WebPage","@id":"https:\/\/attivanza.org\/en\/our-eu\/","url":"https:\/\/attivanza.org\/en\/our-eu\/","name":"OUR EU - Attivanza","isPartOf":{"@id":"https:\/\/attivanza.org\/#website"},"primaryImageOfPage":{"@id":"https:\/\/attivanza.org\/en\/our-eu\/#primaryimage"},"image":{"@id":"https:\/\/attivanza.org\/en\/our-eu\/#primaryimage"},"thumbnailUrl":"https:\/\/attivanza.org\/wp-content\/uploads\/2026\/05\/attivanza-europa.webp","datePublished":"2023-06-17T14:27:20+00:00","dateModified":"2026-06-24T18:03:27+00:00","breadcrumb":{"@id":"https:\/\/attivanza.org\/en\/our-eu\/#breadcrumb"},"inLanguage":"en-US","potentialAction":[{"@type":"ReadAction","target":["https:\/\/attivanza.org\/en\/our-eu\/"]}]},{"@type":"ImageObject","inLanguage":"en-US","@id":"https:\/\/attivanza.org\/en\/our-eu\/#primaryimage","url":"https:\/\/attivanza.org\/wp-content\/uploads\/2026\/05\/attivanza-europa.webp","contentUrl":"https:\/\/attivanza.org\/wp-content\/uploads\/2026\/05\/attivanza-europa.webp"},{"@type":"BreadcrumbList","@id":"https:\/\/attivanza.org\/en\/our-eu\/#breadcrumb","itemListElement":[{"@type":"ListItem","position":1,"name":"Home","item":"https:\/\/attivanza.org\/en\/"},{"@type":"ListItem","position":2,"name":"OUR EU"}]},{"@type":"WebSite","@id":"https:\/\/attivanza.org\/#website","url":"https:\/\/attivanza.org\/","name":"Attivanza","description":"Coltiviamo la democrazia","publisher":{"@id":"https:\/\/attivanza.org\/#organization"},"potentialAction":[{"@type":"SearchAction","target":{"@type":"EntryPoint","urlTemplate":"https:\/\/attivanza.org\/?s={search_term_string}"},"query-input":{"@type":"PropertyValueSpecification","valueRequired":true,"valueName":"search_term_string"}}],"inLanguage":"en-US"},{"@type":"Organization","@id":"https:\/\/attivanza.org\/#organization","name":"Attivanza","url":"https:\/\/attivanza.org\/","logo":{"@type":"ImageObject","inLanguage":"en-US","@id":"https:\/\/attivanza.org\/#\/schema\/logo\/image\/","url":"https:\/\/attivanza.org\/wp-content\/uploads\/2023\/05\/cropped-Attivanza-Logo.png","contentUrl":"https:\/\/attivanza.org\/wp-content\/uploads\/2023\/05\/cropped-Attivanza-Logo.png","width":808,"height":197,"caption":"Attivanza"},"image":{"@id":"https:\/\/attivanza.org\/#\/schema\/logo\/image\/"}}]}},"_links":{"self":[{"href":"https:\/\/attivanza.org\/en\/wp-json\/wp\/v2\/pages\/3045","targetHints":{"allow":["GET"]}}],"collection":[{"href":"https:\/\/attivanza.org\/en\/wp-json\/wp\/v2\/pages"}],"about":[{"href":"https:\/\/attivanza.org\/en\/wp-json\/wp\/v2\/types\/page"}],"author":[{"embeddable":true,"href":"https:\/\/attivanza.org\/en\/wp-json\/wp\/v2\/users\/2"}],"replies":[{"embeddable":true,"href":"https:\/\/attivanza.org\/en\/wp-json\/wp\/v2\/comments?post=3045"}],"version-history":[{"count":3,"href":"https:\/\/attivanza.org\/en\/wp-json\/wp\/v2\/pages\/3045\/revisions"}],"predecessor-version":[{"id":3052,"href":"https:\/\/attivanza.org\/en\/wp-json\/wp\/v2\/pages\/3045\/revisions\/3052"}],"wp:attachment":[{"href":"https:\/\/attivanza.org\/en\/wp-json\/wp\/v2\/media?parent=3045"}],"curies":[{"name":"wp","href":"https:\/\/api.w.org\/{rel}","templated":true}]}}